{"id":4705,"date":"2024-01-23T10:25:46","date_gmt":"2024-01-23T10:25:46","guid":{"rendered":"https:\/\/freeimprobarcelona.com\/?post_type=mec-events&#038;p=4705"},"modified":"2024-01-23T10:32:43","modified_gmt":"2024-01-23T10:32:43","slug":"volatil-9","status":"publish","type":"mec-events","link":"https:\/\/freeimprobarcelona.com\/es\/calendar\/volatil-9\/","title":{"rendered":"VOL\u00c2TIL # 9"},"content":{"rendered":"<p>Vol\u00e2til #9<br \/>\nEn esta edici\u00f3n contaremos con un doble cartel con las siguientes actuaciones:<br \/>\n1\/ Pablo Volt | presenta \u201cC\u00f3mo sobrevivir al verano\u201d<\/p>\n<p>\u201cLas canciones de este disco fueron grabadas durante los \u00faltimos 15 d\u00edas de julio y los 10 primeros<br \/>\nde agosto de 2023 siguiendo el mismo m\u00e9todo: cada d\u00eda antes de desayunar y antes de ir a dormir<br \/>\ngrababa una improvisaci\u00f3n con la trompeta, como estrategia de supervivencia al calor y la falta de<br \/>\ndinero en pleno verano, tambi\u00e9n como ejercicio de salvaci\u00f3n espiritual.<br \/>\nUna vez grabada la improvisaci\u00f3n a\u00f1ad\u00eda dos pistas m\u00e1s, limitando el material a s\u00f3lo 3 pistas en<br \/>\ntotal: una pista con la improvisaci\u00f3n original y otras dos con una muestra (un sample) de esa pista<br \/>\nque puedo manipular y tocar para transformar en teclados, voces o percusiones. Siguiendo esta<br \/>\nestrategia fui componiendo piezas a raz\u00f3n de dos por d\u00eda. La limitaci\u00f3n del material y de la<br \/>\nmetodolog\u00eda condicionaron el resultado: en las grabaciones de la ma\u00f1ana, por ejemplo, hechas sin<br \/>\ncalentar o antes de desayunar, volcaba lo primero que pasara por mi cabeza como si escribiera los<br \/>\nsue\u00f1os o practicara la escritura autom\u00e1tica.\u201d<\/p>\n<p>Pablo Volt aka Pope es un m\u00fasico, productor y compositor argentino-chileno residente en Barcelona<br \/>\ndesde el a\u00f1o 2000. Su imaginario musical se apoya sobre el dub y la m\u00fasica improvisada. Participa<br \/>\nen proyectos como STA, Fuego, Barba Corsini o Coure y toca o colabora con m\u00fasicos como Mark<br \/>\nCuningham, J.G.G., F.S.Blumm o Eduard Altaba. Tambi\u00e9n hace m\u00fasica para danza, cine y artes<br \/>\nesc\u00e9nicas.<\/p>\n<p>2\/ S\u00f2nia S\u00e1nchez [Baile y toque] |<br \/>\nEdu Pons [Clarinete bajo y saxo soprano] |<br \/>\nFernando Carrasco [guitarra el\u00e9ctrica + fx] |<\/p>\n<p>S\u00f2nia S\u00e1nchez es bailaora desde el flamenco, la improvisaci\u00f3n y la danza japonesa body weather,<br \/>\nsiendo el espacio bailado y el sonido improvisado a trav\u00e9s del cuerpo en movimiento lo<br \/>\nfundamental de sus trabajos. Empez\u00f3 sus investigaciones entre la r\u00edtmica del flamenco y la<br \/>\nvelocidad org\u00e1nica del body weather en el a\u00f1o 2001, a\u00f1adiendo posteriormente la m\u00fasica libre a su<br \/>\ntrayectoria. En 2014 crea la pieza \u201cLe \u00c7a\u201d, coproducida por Mercat de les Flors de Barcelona y<br \/>\nRencontres chor\u00e9graphiques de Seine &#8211; Saint Denis, girando tambi\u00e9n con piezas como \u201cEl pliegue\u201d,<br \/>\n\u201cSAI el sue\u00f1o de la mariposa\u201d, \u201cRincones y claros de bosques\u201d, \u201cLa Mirada 3.0\u201d. Asimismo, ha<br \/>\ncompartido escenario con innumerables m\u00fasicos como Agust\u00ed Fern\u00e1ndez, Jordina Mill\u00e0, Nuno<br \/>\nRebelo, Johannes N\u00e4stesj\u00f6, Albert Cirera y un largo etc\u00e9tera.<\/p>\n<p>Edu Pons es saxofonista, pero ante todo un oyente. Sus viajes han ido desde jazz hasta el folk, desde<br \/>\nla m\u00fasica cl\u00e1sica a la improvisaci\u00f3n libre. Con la transmisi\u00f3n de sentimientos como m\u00e1xima,<br \/>\ndesarrolla una voz personal que orbita entre los susurros on\u00edricos y los salvajes rugidos. Ha<br \/>\ncolaborado en formaciones tan ecl\u00e9cticas como Marina Herlop, Omar Sosa &amp;amp; Taller de M\u00fasics<br \/>\nEnsemble, con la contrabajista Giulia Valle, o en la irreverente Reptilian Mambo. Tambi\u00e9n es<br \/>\nfundador de las bandas Bang Mantra, In Roots, Hulm, Hekura y Lidia Facer\u00edas &amp;amp; Edu Pons.<br \/>\nAlgunos trabajos con estas formaciones est\u00e1n editados en su propio sello, Dungchen Records.<\/p>\n<p>Fernando Carrasco es un guitarrista atra\u00eddo por la exploraci\u00f3n del mundo textural del sonido y su<br \/>\nvertiente expansiva, la tensi\u00f3n entre lo abstracto y la melod\u00eda minimalista, drone, ambient y la<br \/>\nutilizaci\u00f3n de elementos propios del folk norteamericano. Ha sido integrante de las formaciones<br \/>\nV\u00f6lga y L&amp;#39;Ocell, con las que ha publicado varios trabajos discogr\u00e1ficos.<\/p>\n","protected":false},"excerpt":{"rendered":"<p>Vol\u00e2til #9 En esta edici\u00f3n contaremos con un doble cartel con las siguientes actuaciones: 1\/ Pablo Volt | presenta \u201cC\u00f3mo sobrevivir al verano\u201d \u201cLas canciones de este disco fueron grabadas durante los \u00faltimos 15 d\u00edas de julio y los 10 primeros de agosto de 2023 siguiendo el mismo m\u00e9todo: cada d\u00eda antes de desayunar y [&hellip;]<\/p>\n","protected":false},"author":2,"featured_media":4703,"template":"","meta":{"_et_pb_use_builder":"","_et_pb_old_content":"","_et_gb_content_width":""},"tags":[],"mec_category":[2093],"mec_speaker":[],"class_list":["post-4705","mec-events","type-mec-events","status-publish","has-post-thumbnail","hentry","mec_category-volatil-2-es"],"yoast_head":"<!-- This site is optimized with the Yoast SEO plugin v19.9 - https:\/\/yoast.com\/wordpress\/plugins\/seo\/ -->\n<title>VOL\u00c2TIL # 9 - Free Impro Barcelona<\/title>\n<meta name=\"robots\" content=\"index, follow, max-snippet:-1, max-image-preview:large, max-video-preview:-1\" \/>\n<link rel=\"canonical\" href=\"https:\/\/freeimprobarcelona.com\/es\/calendar\/volatil-9\/\" \/>\n<meta property=\"og:locale\" content=\"es_ES\" \/>\n<meta property=\"og:type\" content=\"article\" \/>\n<meta property=\"og:title\" content=\"VOL\u00c2TIL # 9 - Free Impro Barcelona\" \/>\n<meta property=\"og:description\" content=\"Vol\u00e2til #9 En esta edici\u00f3n contaremos con un doble cartel con las siguientes actuaciones: 1\/ Pablo Volt | presenta \u201cC\u00f3mo sobrevivir al verano\u201d \u201cLas canciones de este disco fueron grabadas durante los \u00faltimos 15 d\u00edas de julio y los 10 primeros de agosto de 2023 siguiendo el mismo m\u00e9todo: cada d\u00eda antes de desayunar y [&hellip;]\" \/>\n<meta property=\"og:url\" content=\"https:\/\/freeimprobarcelona.com\/es\/calendar\/volatil-9\/\" \/>\n<meta property=\"og:site_name\" content=\"Free Impro Barcelona\" \/>\n<meta property=\"article:modified_time\" content=\"2024-01-23T10:32:43+00:00\" \/>\n<meta property=\"og:image\" content=\"https:\/\/freeimprobarcelona.com\/wp-content\/uploads\/2024\/01\/volatil-9b-scaled.jpg\" \/>\n\t<meta property=\"og:image:width\" content=\"2560\" \/>\n\t<meta property=\"og:image:height\" content=\"2560\" \/>\n\t<meta property=\"og:image:type\" content=\"image\/jpeg\" \/>\n<meta name=\"twitter:card\" content=\"summary_large_image\" \/>\n<meta name=\"twitter:label1\" content=\"Tiempo de lectura\" \/>\n\t<meta name=\"twitter:data1\" content=\"3 minutos\" \/>\n<script type=\"application\/ld+json\" class=\"yoast-schema-graph\">{\"@context\":\"https:\/\/schema.org\",\"@graph\":[{\"@type\":\"WebPage\",\"@id\":\"https:\/\/freeimprobarcelona.com\/es\/calendar\/volatil-9\/\",\"url\":\"https:\/\/freeimprobarcelona.com\/es\/calendar\/volatil-9\/\",\"name\":\"VOL\u00c2TIL # 9 - Free Impro Barcelona\",\"isPartOf\":{\"@id\":\"https:\/\/freeimprobarcelona.com\/es\/#website\"},\"datePublished\":\"2024-01-23T10:25:46+00:00\",\"dateModified\":\"2024-01-23T10:32:43+00:00\",\"breadcrumb\":{\"@id\":\"https:\/\/freeimprobarcelona.com\/es\/calendar\/volatil-9\/#breadcrumb\"},\"inLanguage\":\"es\",\"potentialAction\":[{\"@type\":\"ReadAction\",\"target\":[\"https:\/\/freeimprobarcelona.com\/es\/calendar\/volatil-9\/\"]}]},{\"@type\":\"BreadcrumbList\",\"@id\":\"https:\/\/freeimprobarcelona.com\/es\/calendar\/volatil-9\/#breadcrumb\",\"itemListElement\":[{\"@type\":\"ListItem\",\"position\":1,\"name\":\"Inicio\",\"item\":\"https:\/\/freeimprobarcelona.com\/es\/\"},{\"@type\":\"ListItem\",\"position\":2,\"name\":\"Eventos\",\"item\":\"https:\/\/freeimprobarcelona.com\/es\/calendar\/\"},{\"@type\":\"ListItem\",\"position\":3,\"name\":\"VOL\u00c2TIL # 9\"}]},{\"@type\":\"WebSite\",\"@id\":\"https:\/\/freeimprobarcelona.com\/es\/#website\",\"url\":\"https:\/\/freeimprobarcelona.com\/es\/\",\"name\":\"Free Impro Barcelona\",\"description\":\"Free Impro Barcelona\",\"potentialAction\":[{\"@type\":\"SearchAction\",\"target\":{\"@type\":\"EntryPoint\",\"urlTemplate\":\"https:\/\/freeimprobarcelona.com\/es\/?s={search_term_string}\"},\"query-input\":\"required name=search_term_string\"}],\"inLanguage\":\"es\"}]}<\/script>\n<!-- \/ Yoast SEO plugin. -->","yoast_head_json":{"title":"VOL\u00c2TIL # 9 - Free Impro Barcelona","robots":{"index":"index","follow":"follow","max-snippet":"max-snippet:-1","max-image-preview":"max-image-preview:large","max-video-preview":"max-video-preview:-1"},"canonical":"https:\/\/freeimprobarcelona.com\/es\/calendar\/volatil-9\/","og_locale":"es_ES","og_type":"article","og_title":"VOL\u00c2TIL # 9 - Free Impro Barcelona","og_description":"Vol\u00e2til #9 En esta edici\u00f3n contaremos con un doble cartel con las siguientes actuaciones: 1\/ Pablo Volt | presenta \u201cC\u00f3mo sobrevivir al verano\u201d \u201cLas canciones de este disco fueron grabadas durante los \u00faltimos 15 d\u00edas de julio y los 10 primeros de agosto de 2023 siguiendo el mismo m\u00e9todo: cada d\u00eda antes de desayunar y [&hellip;]","og_url":"https:\/\/freeimprobarcelona.com\/es\/calendar\/volatil-9\/","og_site_name":"Free Impro Barcelona","article_modified_time":"2024-01-23T10:32:43+00:00","og_image":[{"width":2560,"height":2560,"url":"https:\/\/freeimprobarcelona.com\/wp-content\/uploads\/2024\/01\/volatil-9b-scaled.jpg","type":"image\/jpeg"}],"twitter_card":"summary_large_image","twitter_misc":{"Tiempo de lectura":"3 minutos"},"schema":{"@context":"https:\/\/schema.org","@graph":[{"@type":"WebPage","@id":"https:\/\/freeimprobarcelona.com\/es\/calendar\/volatil-9\/","url":"https:\/\/freeimprobarcelona.com\/es\/calendar\/volatil-9\/","name":"VOL\u00c2TIL # 9 - Free Impro Barcelona","isPartOf":{"@id":"https:\/\/freeimprobarcelona.com\/es\/#website"},"datePublished":"2024-01-23T10:25:46+00:00","dateModified":"2024-01-23T10:32:43+00:00","breadcrumb":{"@id":"https:\/\/freeimprobarcelona.com\/es\/calendar\/volatil-9\/#breadcrumb"},"inLanguage":"es","potentialAction":[{"@type":"ReadAction","target":["https:\/\/freeimprobarcelona.com\/es\/calendar\/volatil-9\/"]}]},{"@type":"BreadcrumbList","@id":"https:\/\/freeimprobarcelona.com\/es\/calendar\/volatil-9\/#breadcrumb","itemListElement":[{"@type":"ListItem","position":1,"name":"Inicio","item":"https:\/\/freeimprobarcelona.com\/es\/"},{"@type":"ListItem","position":2,"name":"Eventos","item":"https:\/\/freeimprobarcelona.com\/es\/calendar\/"},{"@type":"ListItem","position":3,"name":"VOL\u00c2TIL # 9"}]},{"@type":"WebSite","@id":"https:\/\/freeimprobarcelona.com\/es\/#website","url":"https:\/\/freeimprobarcelona.com\/es\/","name":"Free Impro Barcelona","description":"Free Impro Barcelona","potentialAction":[{"@type":"SearchAction","target":{"@type":"EntryPoint","urlTemplate":"https:\/\/freeimprobarcelona.com\/es\/?s={search_term_string}"},"query-input":"required name=search_term_string"}],"inLanguage":"es"}]}},"_links":{"self":[{"href":"https:\/\/freeimprobarcelona.com\/es\/wp-json\/wp\/v2\/mec-events\/4705","targetHints":{"allow":["GET"]}}],"collection":[{"href":"https:\/\/freeimprobarcelona.com\/es\/wp-json\/wp\/v2\/mec-events"}],"about":[{"href":"https:\/\/freeimprobarcelona.com\/es\/wp-json\/wp\/v2\/types\/mec-events"}],"author":[{"embeddable":true,"href":"https:\/\/freeimprobarcelona.com\/es\/wp-json\/wp\/v2\/users\/2"}],"wp:featuredmedia":[{"embeddable":true,"href":"https:\/\/freeimprobarcelona.com\/es\/wp-json\/wp\/v2\/media\/4703"}],"wp:attachment":[{"href":"https:\/\/freeimprobarcelona.com\/es\/wp-json\/wp\/v2\/media?parent=4705"}],"wp:term":[{"taxonomy":"post_tag","embeddable":true,"href":"https:\/\/freeimprobarcelona.com\/es\/wp-json\/wp\/v2\/tags?post=4705"},{"taxonomy":"mec_category","embeddable":true,"href":"https:\/\/freeimprobarcelona.com\/es\/wp-json\/wp\/v2\/mec_category?post=4705"},{"taxonomy":"mec_speaker","embeddable":true,"href":"https:\/\/freeimprobarcelona.com\/es\/wp-json\/wp\/v2\/mec_speaker?post=4705"}],"curies":[{"name":"wp","href":"https:\/\/api.w.org\/{rel}","templated":true}]}}