{"id":4577,"date":"2023-12-27T17:31:52","date_gmt":"2023-12-27T17:31:52","guid":{"rendered":"https:\/\/freeimprobarcelona.com\/?post_type=mec-events&#038;p=4577"},"modified":"2023-12-27T17:33:03","modified_gmt":"2023-12-27T17:33:03","slug":"dimecres-de-so-i-cos-this-is-not-a-fad","status":"publish","type":"mec-events","link":"https:\/\/freeimprobarcelona.com\/es\/calendar\/dimecres-de-so-i-cos-this-is-not-a-fad\/","title":{"rendered":"dimecres de so i cos : THIS IS NOT A FAD!"},"content":{"rendered":"<div class=\"grafic_description_cont\">\n<p>A CHILLIDA, para saxof\u00f3n bar\u00edtono y electr\u00f3nicas (1997). Merc\u00e8 Capdevila<\/p>\n<p>AGRION HAST\u00c9, para saxof\u00f3n bar\u00edtono y electr\u00f3nica en tiempo real (2019). Manon Lepauvre<\/p>\n<p>TRIGGER_IIb, para saxof\u00f3n bar\u00edtono y electr\u00f3nicas (2023). Martina Claussen<\/p>\n<p>Concierto de mujeres compositoras. Obras para saxo bar\u00edtono y m\u00fasica electr\u00f3nica.<\/p>\n<p>\u201cEl sonido no siempre ha de producirnos un efecto relajante. A veces nos tiene que agitar, provocarnos, para activar nuestros sentidos, nuestra mente y nuestro cuerpo. Las tres obras que articulan el concierto proponen relaciones diversas con nuestra percepci\u00f3n.<\/p>\n<p>En A CHILLIDA\u00a0podemos sentir la solidez de un cuerpo met\u00e1lico y los l\u00edmites de sus espacios. En\u00a0AGRION HAST\u00c9\u00a0la velocidad del movimiento genera una multiplicaci\u00f3n del ser que levanta el vuelo como una mariposa. Finalmente, con\u00a0TRIGGER_llb\u00a0encontramos un cuerpo que dialoga con sus m\u00faltiples posibilidades de libertad gestual. Como un gesto l\u00edquido que toma formas diversas y todo lo penetra\u201d.<\/p>\n<p>THIS IS NOT A FAD! es el proyecto m\u00e1s reciente de Morphosis Duo. El programa es abierto y consta exclusivamente de obras originales de mujeres compositoras. Aunque no se puede cambiar un pasado en que el papel de la mujer en la m\u00fasica ha sido tan marginal (especialmente en el \u00e1mbito de la composici\u00f3n), tenemos la responsabilidad de erradicar cualquier tipo de discriminaci\u00f3n y establecer estas bases para las nuevas generaciones de artistas.<br \/>\n<iframe loading=\"lazy\" title=\"THIS IS NOT A FAD! in Luxembourg - MORPHOSISI DUO\" width=\"1080\" height=\"608\" src=\"https:\/\/www.youtube.com\/embed\/2MCB7Bh9vbA?feature=oembed\"  allow=\"accelerometer; autoplay; clipboard-write; encrypted-media; gyroscope; picture-in-picture; web-share\" allowfullscreen><\/iframe><\/p>\n<\/div>\n","protected":false},"excerpt":{"rendered":"<p>A CHILLIDA, para saxof\u00f3n bar\u00edtono y electr\u00f3nicas (1997). Merc\u00e8 Capdevila AGRION HAST\u00c9, para saxof\u00f3n bar\u00edtono y electr\u00f3nica en tiempo real (2019). Manon Lepauvre TRIGGER_IIb, para saxof\u00f3n bar\u00edtono y electr\u00f3nicas (2023). Martina Claussen Concierto de mujeres compositoras. Obras para saxo bar\u00edtono y m\u00fasica electr\u00f3nica. \u201cEl sonido no siempre ha de producirnos un efecto relajante. A veces [&hellip;]<\/p>\n","protected":false},"author":2,"featured_media":4575,"template":"","meta":{"_et_pb_use_builder":"","_et_pb_old_content":"","_et_gb_content_width":""},"tags":[],"mec_category":[715],"mec_speaker":[],"class_list":["post-4577","mec-events","type-mec-events","status-publish","has-post-thumbnail","hentry","mec_category-dimecres-de-so-i-cos-es"],"yoast_head":"<!-- This site is optimized with the Yoast SEO plugin v19.9 - https:\/\/yoast.com\/wordpress\/plugins\/seo\/ -->\n<title>dimecres de so i cos : THIS IS NOT A FAD! - Free Impro Barcelona<\/title>\n<meta name=\"robots\" content=\"index, follow, max-snippet:-1, max-image-preview:large, max-video-preview:-1\" \/>\n<link rel=\"canonical\" href=\"https:\/\/freeimprobarcelona.com\/es\/calendar\/dimecres-de-so-i-cos-this-is-not-a-fad\/\" \/>\n<meta property=\"og:locale\" content=\"es_ES\" \/>\n<meta property=\"og:type\" content=\"article\" \/>\n<meta property=\"og:title\" content=\"dimecres de so i cos : THIS IS NOT A FAD! - Free Impro Barcelona\" \/>\n<meta property=\"og:description\" content=\"A CHILLIDA, para saxof\u00f3n bar\u00edtono y electr\u00f3nicas (1997). Merc\u00e8 Capdevila AGRION HAST\u00c9, para saxof\u00f3n bar\u00edtono y electr\u00f3nica en tiempo real (2019). Manon Lepauvre TRIGGER_IIb, para saxof\u00f3n bar\u00edtono y electr\u00f3nicas (2023). Martina Claussen Concierto de mujeres compositoras. Obras para saxo bar\u00edtono y m\u00fasica electr\u00f3nica. \u201cEl sonido no siempre ha de producirnos un efecto relajante. A veces [&hellip;]\" \/>\n<meta property=\"og:url\" content=\"https:\/\/freeimprobarcelona.com\/es\/calendar\/dimecres-de-so-i-cos-this-is-not-a-fad\/\" \/>\n<meta property=\"og:site_name\" content=\"Free Impro Barcelona\" \/>\n<meta property=\"article:modified_time\" content=\"2023-12-27T17:33:03+00:00\" \/>\n<meta property=\"og:image\" content=\"https:\/\/freeimprobarcelona.com\/wp-content\/uploads\/2023\/12\/THIS-IS-NOT-A-FAD-Morphosis-Duo-606x366-1.jpg\" \/>\n\t<meta property=\"og:image:width\" content=\"606\" \/>\n\t<meta property=\"og:image:height\" content=\"366\" \/>\n\t<meta property=\"og:image:type\" content=\"image\/jpeg\" \/>\n<meta name=\"twitter:card\" content=\"summary_large_image\" \/>\n<meta name=\"twitter:label1\" content=\"Tiempo de lectura\" \/>\n\t<meta name=\"twitter:data1\" content=\"1 minuto\" \/>\n<script type=\"application\/ld+json\" class=\"yoast-schema-graph\">{\"@context\":\"https:\/\/schema.org\",\"@graph\":[{\"@type\":\"WebPage\",\"@id\":\"https:\/\/freeimprobarcelona.com\/es\/calendar\/dimecres-de-so-i-cos-this-is-not-a-fad\/\",\"url\":\"https:\/\/freeimprobarcelona.com\/es\/calendar\/dimecres-de-so-i-cos-this-is-not-a-fad\/\",\"name\":\"dimecres de so i cos : THIS IS NOT A FAD! - Free Impro Barcelona\",\"isPartOf\":{\"@id\":\"https:\/\/freeimprobarcelona.com\/es\/#website\"},\"datePublished\":\"2023-12-27T17:31:52+00:00\",\"dateModified\":\"2023-12-27T17:33:03+00:00\",\"breadcrumb\":{\"@id\":\"https:\/\/freeimprobarcelona.com\/es\/calendar\/dimecres-de-so-i-cos-this-is-not-a-fad\/#breadcrumb\"},\"inLanguage\":\"es\",\"potentialAction\":[{\"@type\":\"ReadAction\",\"target\":[\"https:\/\/freeimprobarcelona.com\/es\/calendar\/dimecres-de-so-i-cos-this-is-not-a-fad\/\"]}]},{\"@type\":\"BreadcrumbList\",\"@id\":\"https:\/\/freeimprobarcelona.com\/es\/calendar\/dimecres-de-so-i-cos-this-is-not-a-fad\/#breadcrumb\",\"itemListElement\":[{\"@type\":\"ListItem\",\"position\":1,\"name\":\"Inicio\",\"item\":\"https:\/\/freeimprobarcelona.com\/es\/\"},{\"@type\":\"ListItem\",\"position\":2,\"name\":\"Eventos\",\"item\":\"https:\/\/freeimprobarcelona.com\/es\/calendar\/\"},{\"@type\":\"ListItem\",\"position\":3,\"name\":\"dimecres de so i cos : THIS IS NOT A FAD!\"}]},{\"@type\":\"WebSite\",\"@id\":\"https:\/\/freeimprobarcelona.com\/es\/#website\",\"url\":\"https:\/\/freeimprobarcelona.com\/es\/\",\"name\":\"Free Impro Barcelona\",\"description\":\"Free Impro Barcelona\",\"potentialAction\":[{\"@type\":\"SearchAction\",\"target\":{\"@type\":\"EntryPoint\",\"urlTemplate\":\"https:\/\/freeimprobarcelona.com\/es\/?s={search_term_string}\"},\"query-input\":\"required name=search_term_string\"}],\"inLanguage\":\"es\"}]}<\/script>\n<!-- \/ Yoast SEO plugin. -->","yoast_head_json":{"title":"dimecres de so i cos : THIS IS NOT A FAD! - Free Impro Barcelona","robots":{"index":"index","follow":"follow","max-snippet":"max-snippet:-1","max-image-preview":"max-image-preview:large","max-video-preview":"max-video-preview:-1"},"canonical":"https:\/\/freeimprobarcelona.com\/es\/calendar\/dimecres-de-so-i-cos-this-is-not-a-fad\/","og_locale":"es_ES","og_type":"article","og_title":"dimecres de so i cos : THIS IS NOT A FAD! - Free Impro Barcelona","og_description":"A CHILLIDA, para saxof\u00f3n bar\u00edtono y electr\u00f3nicas (1997). Merc\u00e8 Capdevila AGRION HAST\u00c9, para saxof\u00f3n bar\u00edtono y electr\u00f3nica en tiempo real (2019). Manon Lepauvre TRIGGER_IIb, para saxof\u00f3n bar\u00edtono y electr\u00f3nicas (2023). Martina Claussen Concierto de mujeres compositoras. Obras para saxo bar\u00edtono y m\u00fasica electr\u00f3nica. \u201cEl sonido no siempre ha de producirnos un efecto relajante. A veces [&hellip;]","og_url":"https:\/\/freeimprobarcelona.com\/es\/calendar\/dimecres-de-so-i-cos-this-is-not-a-fad\/","og_site_name":"Free Impro Barcelona","article_modified_time":"2023-12-27T17:33:03+00:00","og_image":[{"width":606,"height":366,"url":"https:\/\/freeimprobarcelona.com\/wp-content\/uploads\/2023\/12\/THIS-IS-NOT-A-FAD-Morphosis-Duo-606x366-1.jpg","type":"image\/jpeg"}],"twitter_card":"summary_large_image","twitter_misc":{"Tiempo de lectura":"1 minuto"},"schema":{"@context":"https:\/\/schema.org","@graph":[{"@type":"WebPage","@id":"https:\/\/freeimprobarcelona.com\/es\/calendar\/dimecres-de-so-i-cos-this-is-not-a-fad\/","url":"https:\/\/freeimprobarcelona.com\/es\/calendar\/dimecres-de-so-i-cos-this-is-not-a-fad\/","name":"dimecres de so i cos : THIS IS NOT A FAD! - Free Impro Barcelona","isPartOf":{"@id":"https:\/\/freeimprobarcelona.com\/es\/#website"},"datePublished":"2023-12-27T17:31:52+00:00","dateModified":"2023-12-27T17:33:03+00:00","breadcrumb":{"@id":"https:\/\/freeimprobarcelona.com\/es\/calendar\/dimecres-de-so-i-cos-this-is-not-a-fad\/#breadcrumb"},"inLanguage":"es","potentialAction":[{"@type":"ReadAction","target":["https:\/\/freeimprobarcelona.com\/es\/calendar\/dimecres-de-so-i-cos-this-is-not-a-fad\/"]}]},{"@type":"BreadcrumbList","@id":"https:\/\/freeimprobarcelona.com\/es\/calendar\/dimecres-de-so-i-cos-this-is-not-a-fad\/#breadcrumb","itemListElement":[{"@type":"ListItem","position":1,"name":"Inicio","item":"https:\/\/freeimprobarcelona.com\/es\/"},{"@type":"ListItem","position":2,"name":"Eventos","item":"https:\/\/freeimprobarcelona.com\/es\/calendar\/"},{"@type":"ListItem","position":3,"name":"dimecres de so i cos : THIS IS NOT A FAD!"}]},{"@type":"WebSite","@id":"https:\/\/freeimprobarcelona.com\/es\/#website","url":"https:\/\/freeimprobarcelona.com\/es\/","name":"Free Impro Barcelona","description":"Free Impro Barcelona","potentialAction":[{"@type":"SearchAction","target":{"@type":"EntryPoint","urlTemplate":"https:\/\/freeimprobarcelona.com\/es\/?s={search_term_string}"},"query-input":"required name=search_term_string"}],"inLanguage":"es"}]}},"_links":{"self":[{"href":"https:\/\/freeimprobarcelona.com\/es\/wp-json\/wp\/v2\/mec-events\/4577","targetHints":{"allow":["GET"]}}],"collection":[{"href":"https:\/\/freeimprobarcelona.com\/es\/wp-json\/wp\/v2\/mec-events"}],"about":[{"href":"https:\/\/freeimprobarcelona.com\/es\/wp-json\/wp\/v2\/types\/mec-events"}],"author":[{"embeddable":true,"href":"https:\/\/freeimprobarcelona.com\/es\/wp-json\/wp\/v2\/users\/2"}],"wp:featuredmedia":[{"embeddable":true,"href":"https:\/\/freeimprobarcelona.com\/es\/wp-json\/wp\/v2\/media\/4575"}],"wp:attachment":[{"href":"https:\/\/freeimprobarcelona.com\/es\/wp-json\/wp\/v2\/media?parent=4577"}],"wp:term":[{"taxonomy":"post_tag","embeddable":true,"href":"https:\/\/freeimprobarcelona.com\/es\/wp-json\/wp\/v2\/tags?post=4577"},{"taxonomy":"mec_category","embeddable":true,"href":"https:\/\/freeimprobarcelona.com\/es\/wp-json\/wp\/v2\/mec_category?post=4577"},{"taxonomy":"mec_speaker","embeddable":true,"href":"https:\/\/freeimprobarcelona.com\/es\/wp-json\/wp\/v2\/mec_speaker?post=4577"}],"curies":[{"name":"wp","href":"https:\/\/api.w.org\/{rel}","templated":true}]}}