{"id":4247,"date":"2023-09-06T10:43:08","date_gmt":"2023-09-06T10:43:08","guid":{"rendered":"https:\/\/freeimprobarcelona.com\/?post_type=mec-events&#038;p=4247"},"modified":"2023-09-06T11:00:40","modified_gmt":"2023-09-06T11:00:40","slug":"liba-villavecchia-trio-presenta-birchwood","status":"publish","type":"mec-events","link":"https:\/\/freeimprobarcelona.com\/es\/calendar\/liba-villavecchia-trio-presenta-birchwood\/","title":{"rendered":"LIBA VILLAVECCHIA TRIO presenta &#8216;Birchwood&#8217;"},"content":{"rendered":"<p>El\u00a0Liba Villavecchia Trio\u00a0fue fundado en marzo de 2021 en Barcelona. Su primer CD, Zaid\u00edn, que fue publicado en marzo de 2022 por Clean Feed Records, recibi\u00f3 cr\u00edticas muy positivas, y el Tr\u00edo ha estado activo desde entonces, realizando conciertos y prendiendo fuego en varios lugares de Europa. No detenerse era la forma de prolongar la creatividad del grupo y llenar el vac\u00edo que normalmente aparece despu\u00e9s de la grabaci\u00f3n de un \u00e1lbum.<\/p>\n<p>El segundo \u00e1lbum que se presenta, \u201cBirchwood\u201d, se ha compuesto y ensayado en la carretera. Marca la consolidaci\u00f3n de una concepci\u00f3n idiosincr\u00e1tica de la m\u00fasica y el sonido. Las composiciones son m\u00e1s maduras y muestran a un grupo embarcado en un proceso de investigaci\u00f3n musical continua y movimiento creativo. Liba Villavecchia\u00a0en el saxo alto,\u00a0Vasco Trilla\u00a0en la bater\u00eda y \u00c0lex Reviriego al contrabajo son m\u00fasicos de pie al frente de una nueva ola de m\u00fasica creativa en Barcelona.<\/p>\n<p>El Abedul blanco, tambi\u00e9n llamado\u00a0Lady Birch, ha sido durante mucho tiempo el s\u00edmbolo de la primavera, el amor y la luz. \u00c9stos son los temas que las canciones que componen este nuevo proyecto intentan transmitir. La m\u00fasica se grab\u00f3 en una mas\u00eda id\u00edlica del siglo XII, rodeada por el m\u00edtico paisaje vin\u00edcola del Pened\u00e8s. La tranquilidad y la belleza natural de la zona permitieron a los m\u00fasicos centrarse en su oficio sin distracciones.<\/p>\n<p>Cada nota musical debe vibrar a la misma frecuencia que el sufrimiento humano, ya sea para reconocerlo o consolarlo. No existen notas inofensivas, no hay notas f\u00e1ciles.<\/p>\n","protected":false},"excerpt":{"rendered":"<p>El\u00a0Liba Villavecchia Trio\u00a0fue fundado en marzo de 2021 en Barcelona. Su primer CD, Zaid\u00edn, que fue publicado en marzo de 2022 por Clean Feed Records, recibi\u00f3 cr\u00edticas muy positivas, y el Tr\u00edo ha estado activo desde entonces, realizando conciertos y prendiendo fuego en varios lugares de Europa. No detenerse era la forma de prolongar la [&hellip;]<\/p>\n","protected":false},"author":2,"featured_media":4245,"template":"","meta":{"_et_pb_use_builder":"","_et_pb_old_content":"","_et_gb_content_width":""},"tags":[],"mec_category":[860],"mec_speaker":[289,381,660],"class_list":["post-4247","mec-events","type-mec-events","status-publish","has-post-thumbnail","hentry","mec_category-milano-es"],"yoast_head":"<!-- This site is optimized with the Yoast SEO plugin v19.9 - https:\/\/yoast.com\/wordpress\/plugins\/seo\/ -->\n<title>LIBA VILLAVECCHIA TRIO presenta &#039;Birchwood&#039; - Free Impro Barcelona<\/title>\n<meta name=\"robots\" content=\"index, follow, max-snippet:-1, max-image-preview:large, max-video-preview:-1\" \/>\n<link rel=\"canonical\" href=\"https:\/\/freeimprobarcelona.com\/es\/calendar\/liba-villavecchia-trio-presenta-birchwood\/\" \/>\n<meta property=\"og:locale\" content=\"es_ES\" \/>\n<meta property=\"og:type\" content=\"article\" \/>\n<meta property=\"og:title\" content=\"LIBA VILLAVECCHIA TRIO presenta &#039;Birchwood&#039; - Free Impro Barcelona\" \/>\n<meta property=\"og:description\" content=\"El\u00a0Liba Villavecchia Trio\u00a0fue fundado en marzo de 2021 en Barcelona. Su primer CD, Zaid\u00edn, que fue publicado en marzo de 2022 por Clean Feed Records, recibi\u00f3 cr\u00edticas muy positivas, y el Tr\u00edo ha estado activo desde entonces, realizando conciertos y prendiendo fuego en varios lugares de Europa. No detenerse era la forma de prolongar la [&hellip;]\" \/>\n<meta property=\"og:url\" content=\"https:\/\/freeimprobarcelona.com\/es\/calendar\/liba-villavecchia-trio-presenta-birchwood\/\" \/>\n<meta property=\"og:site_name\" content=\"Free Impro Barcelona\" \/>\n<meta property=\"article:modified_time\" content=\"2023-09-06T11:00:40+00:00\" \/>\n<meta property=\"og:image\" content=\"https:\/\/freeimprobarcelona.com\/wp-content\/uploads\/2023\/09\/DSC2295-scaled-1.jpg\" \/>\n\t<meta property=\"og:image:width\" content=\"2560\" \/>\n\t<meta property=\"og:image:height\" content=\"1707\" \/>\n\t<meta property=\"og:image:type\" content=\"image\/jpeg\" \/>\n<meta name=\"twitter:card\" content=\"summary_large_image\" \/>\n<meta name=\"twitter:label1\" content=\"Tiempo de lectura\" \/>\n\t<meta name=\"twitter:data1\" content=\"1 minuto\" \/>\n<script type=\"application\/ld+json\" class=\"yoast-schema-graph\">{\"@context\":\"https:\/\/schema.org\",\"@graph\":[{\"@type\":\"WebPage\",\"@id\":\"https:\/\/freeimprobarcelona.com\/es\/calendar\/liba-villavecchia-trio-presenta-birchwood\/\",\"url\":\"https:\/\/freeimprobarcelona.com\/es\/calendar\/liba-villavecchia-trio-presenta-birchwood\/\",\"name\":\"LIBA VILLAVECCHIA TRIO presenta 'Birchwood' - Free Impro Barcelona\",\"isPartOf\":{\"@id\":\"https:\/\/freeimprobarcelona.com\/es\/#website\"},\"datePublished\":\"2023-09-06T10:43:08+00:00\",\"dateModified\":\"2023-09-06T11:00:40+00:00\",\"breadcrumb\":{\"@id\":\"https:\/\/freeimprobarcelona.com\/es\/calendar\/liba-villavecchia-trio-presenta-birchwood\/#breadcrumb\"},\"inLanguage\":\"es\",\"potentialAction\":[{\"@type\":\"ReadAction\",\"target\":[\"https:\/\/freeimprobarcelona.com\/es\/calendar\/liba-villavecchia-trio-presenta-birchwood\/\"]}]},{\"@type\":\"BreadcrumbList\",\"@id\":\"https:\/\/freeimprobarcelona.com\/es\/calendar\/liba-villavecchia-trio-presenta-birchwood\/#breadcrumb\",\"itemListElement\":[{\"@type\":\"ListItem\",\"position\":1,\"name\":\"Inicio\",\"item\":\"https:\/\/freeimprobarcelona.com\/es\/\"},{\"@type\":\"ListItem\",\"position\":2,\"name\":\"Eventos\",\"item\":\"https:\/\/freeimprobarcelona.com\/es\/calendar\/\"},{\"@type\":\"ListItem\",\"position\":3,\"name\":\"LIBA VILLAVECCHIA TRIO presenta &#8216;Birchwood&#8217;\"}]},{\"@type\":\"WebSite\",\"@id\":\"https:\/\/freeimprobarcelona.com\/es\/#website\",\"url\":\"https:\/\/freeimprobarcelona.com\/es\/\",\"name\":\"Free Impro Barcelona\",\"description\":\"Free Impro Barcelona\",\"potentialAction\":[{\"@type\":\"SearchAction\",\"target\":{\"@type\":\"EntryPoint\",\"urlTemplate\":\"https:\/\/freeimprobarcelona.com\/es\/?s={search_term_string}\"},\"query-input\":\"required name=search_term_string\"}],\"inLanguage\":\"es\"}]}<\/script>\n<!-- \/ Yoast SEO plugin. -->","yoast_head_json":{"title":"LIBA VILLAVECCHIA TRIO presenta 'Birchwood' - Free Impro Barcelona","robots":{"index":"index","follow":"follow","max-snippet":"max-snippet:-1","max-image-preview":"max-image-preview:large","max-video-preview":"max-video-preview:-1"},"canonical":"https:\/\/freeimprobarcelona.com\/es\/calendar\/liba-villavecchia-trio-presenta-birchwood\/","og_locale":"es_ES","og_type":"article","og_title":"LIBA VILLAVECCHIA TRIO presenta 'Birchwood' - Free Impro Barcelona","og_description":"El\u00a0Liba Villavecchia Trio\u00a0fue fundado en marzo de 2021 en Barcelona. Su primer CD, Zaid\u00edn, que fue publicado en marzo de 2022 por Clean Feed Records, recibi\u00f3 cr\u00edticas muy positivas, y el Tr\u00edo ha estado activo desde entonces, realizando conciertos y prendiendo fuego en varios lugares de Europa. No detenerse era la forma de prolongar la [&hellip;]","og_url":"https:\/\/freeimprobarcelona.com\/es\/calendar\/liba-villavecchia-trio-presenta-birchwood\/","og_site_name":"Free Impro Barcelona","article_modified_time":"2023-09-06T11:00:40+00:00","og_image":[{"width":2560,"height":1707,"url":"https:\/\/freeimprobarcelona.com\/wp-content\/uploads\/2023\/09\/DSC2295-scaled-1.jpg","type":"image\/jpeg"}],"twitter_card":"summary_large_image","twitter_misc":{"Tiempo de lectura":"1 minuto"},"schema":{"@context":"https:\/\/schema.org","@graph":[{"@type":"WebPage","@id":"https:\/\/freeimprobarcelona.com\/es\/calendar\/liba-villavecchia-trio-presenta-birchwood\/","url":"https:\/\/freeimprobarcelona.com\/es\/calendar\/liba-villavecchia-trio-presenta-birchwood\/","name":"LIBA VILLAVECCHIA TRIO presenta 'Birchwood' - Free Impro Barcelona","isPartOf":{"@id":"https:\/\/freeimprobarcelona.com\/es\/#website"},"datePublished":"2023-09-06T10:43:08+00:00","dateModified":"2023-09-06T11:00:40+00:00","breadcrumb":{"@id":"https:\/\/freeimprobarcelona.com\/es\/calendar\/liba-villavecchia-trio-presenta-birchwood\/#breadcrumb"},"inLanguage":"es","potentialAction":[{"@type":"ReadAction","target":["https:\/\/freeimprobarcelona.com\/es\/calendar\/liba-villavecchia-trio-presenta-birchwood\/"]}]},{"@type":"BreadcrumbList","@id":"https:\/\/freeimprobarcelona.com\/es\/calendar\/liba-villavecchia-trio-presenta-birchwood\/#breadcrumb","itemListElement":[{"@type":"ListItem","position":1,"name":"Inicio","item":"https:\/\/freeimprobarcelona.com\/es\/"},{"@type":"ListItem","position":2,"name":"Eventos","item":"https:\/\/freeimprobarcelona.com\/es\/calendar\/"},{"@type":"ListItem","position":3,"name":"LIBA VILLAVECCHIA TRIO presenta &#8216;Birchwood&#8217;"}]},{"@type":"WebSite","@id":"https:\/\/freeimprobarcelona.com\/es\/#website","url":"https:\/\/freeimprobarcelona.com\/es\/","name":"Free Impro Barcelona","description":"Free Impro Barcelona","potentialAction":[{"@type":"SearchAction","target":{"@type":"EntryPoint","urlTemplate":"https:\/\/freeimprobarcelona.com\/es\/?s={search_term_string}"},"query-input":"required name=search_term_string"}],"inLanguage":"es"}]}},"_links":{"self":[{"href":"https:\/\/freeimprobarcelona.com\/es\/wp-json\/wp\/v2\/mec-events\/4247","targetHints":{"allow":["GET"]}}],"collection":[{"href":"https:\/\/freeimprobarcelona.com\/es\/wp-json\/wp\/v2\/mec-events"}],"about":[{"href":"https:\/\/freeimprobarcelona.com\/es\/wp-json\/wp\/v2\/types\/mec-events"}],"author":[{"embeddable":true,"href":"https:\/\/freeimprobarcelona.com\/es\/wp-json\/wp\/v2\/users\/2"}],"wp:featuredmedia":[{"embeddable":true,"href":"https:\/\/freeimprobarcelona.com\/es\/wp-json\/wp\/v2\/media\/4245"}],"wp:attachment":[{"href":"https:\/\/freeimprobarcelona.com\/es\/wp-json\/wp\/v2\/media?parent=4247"}],"wp:term":[{"taxonomy":"post_tag","embeddable":true,"href":"https:\/\/freeimprobarcelona.com\/es\/wp-json\/wp\/v2\/tags?post=4247"},{"taxonomy":"mec_category","embeddable":true,"href":"https:\/\/freeimprobarcelona.com\/es\/wp-json\/wp\/v2\/mec_category?post=4247"},{"taxonomy":"mec_speaker","embeddable":true,"href":"https:\/\/freeimprobarcelona.com\/es\/wp-json\/wp\/v2\/mec_speaker?post=4247"}],"curies":[{"name":"wp","href":"https:\/\/api.w.org\/{rel}","templated":true}]}}