{"id":4203,"date":"2023-08-30T15:17:12","date_gmt":"2023-08-30T15:17:12","guid":{"rendered":"https:\/\/freeimprobarcelona.com\/calendar\/dimecres-de-so-i-cos-brava-rave-de-tora\/"},"modified":"2023-08-30T15:20:41","modified_gmt":"2023-08-30T15:20:41","slug":"dimecres-de-so-i-cos-brava-rave-de-tora","status":"publish","type":"mec-events","link":"https:\/\/freeimprobarcelona.com\/es\/calendar\/dimecres-de-so-i-cos-brava-rave-de-tora\/","title":{"rendered":"Dimecres de so i cos bRavA. RavE de TorA"},"content":{"rendered":"<p>&nbsp;<\/p>\n<p>Con\u00a0<strong>Arantza Labuena<\/strong>\u00a0y\u00a0<strong>Marina Tom\u00e0s Amado<\/strong><\/p>\n<p><em>Brava. Rave de TorA\u00a0<\/em>es un juego improvisado, un\u00a0<em>site-specific<\/em>, la escucha del espacio y sus circunstancias, es la actualizaci\u00f3n constante del presente y de sus coordenadas. Es una charla. Es un intercambio de silencio.<\/p>\n<p>\u201cSuena muy bien\u201d dicen algunos expertos. \u201cLas im\u00e1genes y los movimientos que se crean hacen vibrar las v\u00e9rtebras y las ra\u00edces\u201d dicen de otros.<\/p>\n<p>&nbsp;<\/p>\n<p><strong>Enlaces de inter\u00e9s:<\/strong><\/p>\n<p><a title=\"ENLLA\u00c7 PER TAFANEJAR\" href=\"https:\/\/www.youtube.com\/watch?v=rdIgLWYHekE&amp;t=11s\" target=\"_blank\" rel=\"noopener\">ENLACE PARA CHAFARDEAR<\/a><\/p>\n<p><a title=\"PER CONTEMPLAR I GAUDIR\" href=\"https:\/\/www.youtube.com\/watch?v=KCEqdy65-3E&amp;t=164s\" target=\"_blank\" rel=\"noopener\">ENLACE PARA CONTEMPLAR Y DISFRUTAR<\/a><\/p>\n<p>&nbsp;<\/p>\n<p><strong>Mi\u00e9rcoles de sonido y cuerpo 2023<\/strong>\u00a0se nutre de las propuestas de:<\/p>\n<p><img decoding=\"async\" title=\"Logos_DimecresSoiCos_WEB\" src=\"https:\/\/artssantamonica.gencat.cat\/web\/.content\/Imatge\/2023\/Activitats\/01-gener-2023\/Logos_DimecresSoiCos_WEB.jpg\" alt=\"Logos_DimecresSoiCos_WEB\" \/><\/p>\n","protected":false},"excerpt":{"rendered":"<p>&nbsp; Con\u00a0Arantza Labuena\u00a0y\u00a0Marina Tom\u00e0s Amado Brava. Rave de TorA\u00a0es un juego improvisado, un\u00a0site-specific, la escucha del espacio y sus circunstancias, es la actualizaci\u00f3n constante del presente y de sus coordenadas. Es una charla. Es un intercambio de silencio. \u201cSuena muy bien\u201d dicen algunos expertos. \u201cLas im\u00e1genes y los movimientos que se crean hacen vibrar las [&hellip;]<\/p>\n","protected":false},"author":2,"featured_media":4201,"template":"","meta":{"_et_pb_use_builder":"","_et_pb_old_content":"","_et_gb_content_width":""},"tags":[],"mec_category":[715],"mec_speaker":[2370,2371],"class_list":["post-4203","mec-events","type-mec-events","status-publish","has-post-thumbnail","hentry","mec_category-dimecres-de-so-i-cos-es"],"yoast_head":"<!-- This site is optimized with the Yoast SEO plugin v19.9 - https:\/\/yoast.com\/wordpress\/plugins\/seo\/ -->\n<title>Dimecres de so i cos bRavA. RavE de TorA - Free Impro Barcelona<\/title>\n<meta name=\"robots\" content=\"index, follow, max-snippet:-1, max-image-preview:large, max-video-preview:-1\" \/>\n<link rel=\"canonical\" href=\"https:\/\/freeimprobarcelona.com\/es\/calendar\/dimecres-de-so-i-cos-brava-rave-de-tora\/\" \/>\n<meta property=\"og:locale\" content=\"es_ES\" \/>\n<meta property=\"og:type\" content=\"article\" \/>\n<meta property=\"og:title\" content=\"Dimecres de so i cos bRavA. RavE de TorA - Free Impro Barcelona\" \/>\n<meta property=\"og:description\" content=\"&nbsp; Con\u00a0Arantza Labuena\u00a0y\u00a0Marina Tom\u00e0s Amado Brava. Rave de TorA\u00a0es un juego improvisado, un\u00a0site-specific, la escucha del espacio y sus circunstancias, es la actualizaci\u00f3n constante del presente y de sus coordenadas. Es una charla. Es un intercambio de silencio. \u201cSuena muy bien\u201d dicen algunos expertos. \u201cLas im\u00e1genes y los movimientos que se crean hacen vibrar las [&hellip;]\" \/>\n<meta property=\"og:url\" content=\"https:\/\/freeimprobarcelona.com\/es\/calendar\/dimecres-de-so-i-cos-brava-rave-de-tora\/\" \/>\n<meta property=\"og:site_name\" content=\"Free Impro Barcelona\" \/>\n<meta property=\"article:modified_time\" content=\"2023-08-30T15:20:41+00:00\" \/>\n<meta property=\"og:image\" content=\"https:\/\/freeimprobarcelona.com\/wp-content\/uploads\/2023\/08\/230927_bRavA_LC-Grec21_0317hdTristan-Perez-Martin-La-Caldera-606x366-1.jpg\" \/>\n\t<meta property=\"og:image:width\" content=\"606\" \/>\n\t<meta property=\"og:image:height\" content=\"366\" \/>\n\t<meta property=\"og:image:type\" content=\"image\/jpeg\" \/>\n<meta name=\"twitter:card\" content=\"summary_large_image\" \/>\n<script type=\"application\/ld+json\" class=\"yoast-schema-graph\">{\"@context\":\"https:\/\/schema.org\",\"@graph\":[{\"@type\":\"WebPage\",\"@id\":\"https:\/\/freeimprobarcelona.com\/es\/calendar\/dimecres-de-so-i-cos-brava-rave-de-tora\/\",\"url\":\"https:\/\/freeimprobarcelona.com\/es\/calendar\/dimecres-de-so-i-cos-brava-rave-de-tora\/\",\"name\":\"Dimecres de so i cos bRavA. RavE de TorA - Free Impro Barcelona\",\"isPartOf\":{\"@id\":\"https:\/\/freeimprobarcelona.com\/es\/#website\"},\"datePublished\":\"2023-08-30T15:17:12+00:00\",\"dateModified\":\"2023-08-30T15:20:41+00:00\",\"breadcrumb\":{\"@id\":\"https:\/\/freeimprobarcelona.com\/es\/calendar\/dimecres-de-so-i-cos-brava-rave-de-tora\/#breadcrumb\"},\"inLanguage\":\"es\",\"potentialAction\":[{\"@type\":\"ReadAction\",\"target\":[\"https:\/\/freeimprobarcelona.com\/es\/calendar\/dimecres-de-so-i-cos-brava-rave-de-tora\/\"]}]},{\"@type\":\"BreadcrumbList\",\"@id\":\"https:\/\/freeimprobarcelona.com\/es\/calendar\/dimecres-de-so-i-cos-brava-rave-de-tora\/#breadcrumb\",\"itemListElement\":[{\"@type\":\"ListItem\",\"position\":1,\"name\":\"Inicio\",\"item\":\"https:\/\/freeimprobarcelona.com\/es\/\"},{\"@type\":\"ListItem\",\"position\":2,\"name\":\"Eventos\",\"item\":\"https:\/\/freeimprobarcelona.com\/es\/calendar\/\"},{\"@type\":\"ListItem\",\"position\":3,\"name\":\"Dimecres de so i cos bRavA. RavE de TorA\"}]},{\"@type\":\"WebSite\",\"@id\":\"https:\/\/freeimprobarcelona.com\/es\/#website\",\"url\":\"https:\/\/freeimprobarcelona.com\/es\/\",\"name\":\"Free Impro Barcelona\",\"description\":\"Free Impro Barcelona\",\"potentialAction\":[{\"@type\":\"SearchAction\",\"target\":{\"@type\":\"EntryPoint\",\"urlTemplate\":\"https:\/\/freeimprobarcelona.com\/es\/?s={search_term_string}\"},\"query-input\":\"required name=search_term_string\"}],\"inLanguage\":\"es\"}]}<\/script>\n<!-- \/ Yoast SEO plugin. -->","yoast_head_json":{"title":"Dimecres de so i cos bRavA. RavE de TorA - Free Impro Barcelona","robots":{"index":"index","follow":"follow","max-snippet":"max-snippet:-1","max-image-preview":"max-image-preview:large","max-video-preview":"max-video-preview:-1"},"canonical":"https:\/\/freeimprobarcelona.com\/es\/calendar\/dimecres-de-so-i-cos-brava-rave-de-tora\/","og_locale":"es_ES","og_type":"article","og_title":"Dimecres de so i cos bRavA. RavE de TorA - Free Impro Barcelona","og_description":"&nbsp; Con\u00a0Arantza Labuena\u00a0y\u00a0Marina Tom\u00e0s Amado Brava. Rave de TorA\u00a0es un juego improvisado, un\u00a0site-specific, la escucha del espacio y sus circunstancias, es la actualizaci\u00f3n constante del presente y de sus coordenadas. Es una charla. Es un intercambio de silencio. \u201cSuena muy bien\u201d dicen algunos expertos. \u201cLas im\u00e1genes y los movimientos que se crean hacen vibrar las [&hellip;]","og_url":"https:\/\/freeimprobarcelona.com\/es\/calendar\/dimecres-de-so-i-cos-brava-rave-de-tora\/","og_site_name":"Free Impro Barcelona","article_modified_time":"2023-08-30T15:20:41+00:00","og_image":[{"width":606,"height":366,"url":"https:\/\/freeimprobarcelona.com\/wp-content\/uploads\/2023\/08\/230927_bRavA_LC-Grec21_0317hdTristan-Perez-Martin-La-Caldera-606x366-1.jpg","type":"image\/jpeg"}],"twitter_card":"summary_large_image","schema":{"@context":"https:\/\/schema.org","@graph":[{"@type":"WebPage","@id":"https:\/\/freeimprobarcelona.com\/es\/calendar\/dimecres-de-so-i-cos-brava-rave-de-tora\/","url":"https:\/\/freeimprobarcelona.com\/es\/calendar\/dimecres-de-so-i-cos-brava-rave-de-tora\/","name":"Dimecres de so i cos bRavA. RavE de TorA - Free Impro Barcelona","isPartOf":{"@id":"https:\/\/freeimprobarcelona.com\/es\/#website"},"datePublished":"2023-08-30T15:17:12+00:00","dateModified":"2023-08-30T15:20:41+00:00","breadcrumb":{"@id":"https:\/\/freeimprobarcelona.com\/es\/calendar\/dimecres-de-so-i-cos-brava-rave-de-tora\/#breadcrumb"},"inLanguage":"es","potentialAction":[{"@type":"ReadAction","target":["https:\/\/freeimprobarcelona.com\/es\/calendar\/dimecres-de-so-i-cos-brava-rave-de-tora\/"]}]},{"@type":"BreadcrumbList","@id":"https:\/\/freeimprobarcelona.com\/es\/calendar\/dimecres-de-so-i-cos-brava-rave-de-tora\/#breadcrumb","itemListElement":[{"@type":"ListItem","position":1,"name":"Inicio","item":"https:\/\/freeimprobarcelona.com\/es\/"},{"@type":"ListItem","position":2,"name":"Eventos","item":"https:\/\/freeimprobarcelona.com\/es\/calendar\/"},{"@type":"ListItem","position":3,"name":"Dimecres de so i cos bRavA. RavE de TorA"}]},{"@type":"WebSite","@id":"https:\/\/freeimprobarcelona.com\/es\/#website","url":"https:\/\/freeimprobarcelona.com\/es\/","name":"Free Impro Barcelona","description":"Free Impro Barcelona","potentialAction":[{"@type":"SearchAction","target":{"@type":"EntryPoint","urlTemplate":"https:\/\/freeimprobarcelona.com\/es\/?s={search_term_string}"},"query-input":"required name=search_term_string"}],"inLanguage":"es"}]}},"_links":{"self":[{"href":"https:\/\/freeimprobarcelona.com\/es\/wp-json\/wp\/v2\/mec-events\/4203","targetHints":{"allow":["GET"]}}],"collection":[{"href":"https:\/\/freeimprobarcelona.com\/es\/wp-json\/wp\/v2\/mec-events"}],"about":[{"href":"https:\/\/freeimprobarcelona.com\/es\/wp-json\/wp\/v2\/types\/mec-events"}],"author":[{"embeddable":true,"href":"https:\/\/freeimprobarcelona.com\/es\/wp-json\/wp\/v2\/users\/2"}],"wp:featuredmedia":[{"embeddable":true,"href":"https:\/\/freeimprobarcelona.com\/es\/wp-json\/wp\/v2\/media\/4201"}],"wp:attachment":[{"href":"https:\/\/freeimprobarcelona.com\/es\/wp-json\/wp\/v2\/media?parent=4203"}],"wp:term":[{"taxonomy":"post_tag","embeddable":true,"href":"https:\/\/freeimprobarcelona.com\/es\/wp-json\/wp\/v2\/tags?post=4203"},{"taxonomy":"mec_category","embeddable":true,"href":"https:\/\/freeimprobarcelona.com\/es\/wp-json\/wp\/v2\/mec_category?post=4203"},{"taxonomy":"mec_speaker","embeddable":true,"href":"https:\/\/freeimprobarcelona.com\/es\/wp-json\/wp\/v2\/mec_speaker?post=4203"}],"curies":[{"name":"wp","href":"https:\/\/api.w.org\/{rel}","templated":true}]}}