{"id":4059,"date":"2023-06-21T09:30:57","date_gmt":"2023-06-21T09:30:57","guid":{"rendered":"https:\/\/freeimprobarcelona.com\/?post_type=mec-events&#038;p=4059"},"modified":"2023-06-21T09:34:39","modified_gmt":"2023-06-21T09:34:39","slug":"dimecres-de-so-i-cos-nuno-rebelo-constanza-brncic-presenten-si-se-diera-un-cuerpo-al-bullicio","status":"publish","type":"mec-events","link":"https:\/\/freeimprobarcelona.com\/es\/calendar\/dimecres-de-so-i-cos-nuno-rebelo-constanza-brncic-presenten-si-se-diera-un-cuerpo-al-bullicio\/","title":{"rendered":"Dimecres de so i cos Nuno Rebelo + Constanza Brn\u010di\u0107 presenten \u201c\u00a1Si se diera un cuerpo al bullicio!\u201d"},"content":{"rendered":"<div class=\"grafic_destacat_cont_description_left col-lg-6 col-md-6 col-sm-6 col-xs-12\">\n<div class=\"grafic_description_cont\"><\/div>\n<\/div>\n<div class=\"grafic_destacat_cont_description_right col-lg-6 col-md-6 col-sm-6 col-xs-12\">\n<div class=\"grafic_exposicions_credit\">\n<p>Nuno Rebelo y Constanza Brn\u010di\u0107 colaboran desde hace unos a\u00f1os en diversos trabajos de creaci\u00f3n esc\u00e9nica. El inter\u00e9s que ambos comparten por las m\u00fasicas experimentales, la improvisaci\u00f3n y el placer por el juego performativo, los ha llevado a encontrarse en diferentes ocasiones y contextos para improvisar con sonido y movimiento. A partir de estos encuentros, algunos con p\u00fablico, otros a puerta cerrada, ha surgido un lenguaje espec\u00edfico que combinar la acci\u00f3n f\u00edsica y la creaci\u00f3n musical.<\/p>\n<p>Si se diera un cuerpo al bullicio es un intento de atrapar esc\u00e9nicamente estos encuentros. La pieza explora la relaci\u00f3n entre movimiento y producci\u00f3n de sonido, trabajando a partir del desarrollo de estructuras. Estas generan diversas composiciones que fluctuan entre lo azaroso y lo necesario. Los int\u00e9rpretes utilizan diversos objetos e instrumentos que, amplificados, van produciendo un espacio sonoro y, a la vez, hacen aparecer im\u00e1genes y acciones. El fruto es una pieza que se mueve en un terreno entre el concierto y la\u00a0perfomance.<\/p>\n<p>&nbsp;<\/p>\n<p>Enlaces de inter\u00e9s:<\/p>\n<p>www.constanzabrncic.net<\/p>\n<p>www.piece-bcn.org<\/p>\n<p><a href=\"http:\/\/www.youtube.com\/nunorebelomusic\">www.youtube.com\/nunorebelomusic<\/a><\/p>\n<p>M\u00fasica y movimiento:\u00a0Nuno Rebelo\u00a0+\u00a0Constanza\u00a0 Brn\u010di\u0107<\/p>\n<p>Colaboraci\u00f3n art\u00edstica:\u00a0Beatriz Gonz\u00e1lez Magad\u00e1n<\/p>\n<p>&nbsp;<\/p>\n<p>Constanza\u00a0Brn\u010di\u0107:\u00a0bailarina y core\u00f3grafa. Licenciada en Filosof\u00eda, m\u00e1ster en Pensamiento Contempor\u00e1neo y Tradici\u00f3n Cl\u00e1sica por la UB, donde actualmente est\u00e1 realizando su tesis doctoral. Combina su tarea art\u00edstica y de investigaci\u00f3n en el \u00e1mbito de la creaci\u00f3n esc\u00e9nica y la realizaci\u00f3n de numerosos proyectos y encargos \u2013entre los cuales destaca el proyecto comunitario PI(\u00c8)CE o su \u00faltimo trabajo\u00a0Registros Evanescentes, entre otros-, con la Docencia de Composici\u00f3n, Improvisaci\u00f3n y T\u00e9cnicas de Movimiento en el Conservatorio Superior de Danza (CSD\/Institut del Teatre).<\/p>\n<p>Nuno Rebelo: despu\u00e9s de una formaci\u00f3n en arquitectura, decide dedicarse a su verdadera pasi\u00f3n: la m\u00fasica. Desde 1983 a 1989 dirige el grupo de rock Mler if Dada que se produce en Portugal, Espa\u00f1a, Francia, Italia y Argelia. A partir de 1988 compone para cine, teatro y danza, trabajando con core\u00f3grafos como Joa\u00f4 Fiadeiro, Vera Mantero, Paulo Ribeiro, Mark Tompkins, Lisa Nelson, Steve Paxton, Malpelo, Constanza Brncic, entre otros. Improvisa en conciertos con m\u00fasicos como Joan Saura, Agust\u00ed Fern\u00e0ndez, Ferran Fages, Alfredo-Costa Monteiro, Lali Barri\u00e8re, Marco Franco, Carlos Zingaro, Kato Hideki, John Zorn, Peter Kowald, Evan Parker y un largu\u00edsmo etc\u00e9tera.<\/p>\n<p>&nbsp;<\/p>\n<p>&nbsp;<\/p>\n<p>Mi\u00e9rcoles de sonido y cuerpo 2023\u00a0se nutre de las propuestas de:<\/p>\n<p><img decoding=\"async\" title=\"Logos_DimecresSoiCos_WEB\" src=\"https:\/\/artssantamonica.gencat.cat\/web\/.content\/Imatge\/2023\/Activitats\/01-gener-2023\/Logos_DimecresSoiCos_WEB.jpg\" alt=\"Logos_DimecresSoiCos_WEB\" \/><\/p>\n<\/div>\n<\/div>\n","protected":false},"excerpt":{"rendered":"<p>Nuno Rebelo y Constanza Brn\u010di\u0107 colaboran desde hace unos a\u00f1os en diversos trabajos de creaci\u00f3n esc\u00e9nica. El inter\u00e9s que ambos comparten por las m\u00fasicas experimentales, la improvisaci\u00f3n y el placer por el juego performativo, los ha llevado a encontrarse en diferentes ocasiones y contextos para improvisar con sonido y movimiento. A partir de estos encuentros, [&hellip;]<\/p>\n","protected":false},"author":2,"featured_media":4057,"template":"","meta":{"_et_pb_use_builder":"","_et_pb_old_content":"","_et_gb_content_width":""},"tags":[],"mec_category":[715],"mec_speaker":[1929,972],"class_list":["post-4059","mec-events","type-mec-events","status-publish","has-post-thumbnail","hentry","mec_category-dimecres-de-so-i-cos-es"],"yoast_head":"<!-- This site is optimized with the Yoast SEO plugin v19.9 - https:\/\/yoast.com\/wordpress\/plugins\/seo\/ -->\n<title>Dimecres de so i cos Nuno Rebelo + Constanza Brn\u010di\u0107 presenten \u201c\u00a1Si se diera un cuerpo al bullicio!\u201d - Free Impro Barcelona<\/title>\n<meta name=\"robots\" content=\"index, follow, max-snippet:-1, max-image-preview:large, max-video-preview:-1\" \/>\n<link rel=\"canonical\" href=\"https:\/\/freeimprobarcelona.com\/es\/calendar\/dimecres-de-so-i-cos-nuno-rebelo-constanza-brncic-presenten-si-se-diera-un-cuerpo-al-bullicio\/\" \/>\n<meta property=\"og:locale\" content=\"es_ES\" \/>\n<meta property=\"og:type\" content=\"article\" \/>\n<meta property=\"og:title\" content=\"Dimecres de so i cos Nuno Rebelo + Constanza Brn\u010di\u0107 presenten \u201c\u00a1Si se diera un cuerpo al bullicio!\u201d - Free Impro Barcelona\" \/>\n<meta property=\"og:description\" content=\"Nuno Rebelo y Constanza Brn\u010di\u0107 colaboran desde hace unos a\u00f1os en diversos trabajos de creaci\u00f3n esc\u00e9nica. El inter\u00e9s que ambos comparten por las m\u00fasicas experimentales, la improvisaci\u00f3n y el placer por el juego performativo, los ha llevado a encontrarse en diferentes ocasiones y contextos para improvisar con sonido y movimiento. A partir de estos encuentros, [&hellip;]\" \/>\n<meta property=\"og:url\" content=\"https:\/\/freeimprobarcelona.com\/es\/calendar\/dimecres-de-so-i-cos-nuno-rebelo-constanza-brncic-presenten-si-se-diera-un-cuerpo-al-bullicio\/\" \/>\n<meta property=\"og:site_name\" content=\"Free Impro Barcelona\" \/>\n<meta property=\"article:modified_time\" content=\"2023-06-21T09:34:39+00:00\" \/>\n<meta property=\"og:image\" content=\"https:\/\/freeimprobarcelona.com\/wp-content\/uploads\/2023\/06\/Dar-a-Ouvir-Se-se-desse-um-corpo-ao-ruido-46-606x366-1.jpg\" \/>\n\t<meta property=\"og:image:width\" content=\"606\" \/>\n\t<meta property=\"og:image:height\" content=\"366\" \/>\n\t<meta property=\"og:image:type\" content=\"image\/jpeg\" \/>\n<meta name=\"twitter:card\" content=\"summary_large_image\" \/>\n<meta name=\"twitter:label1\" content=\"Tiempo de lectura\" \/>\n\t<meta name=\"twitter:data1\" content=\"2 minutos\" \/>\n<script type=\"application\/ld+json\" class=\"yoast-schema-graph\">{\"@context\":\"https:\/\/schema.org\",\"@graph\":[{\"@type\":\"WebPage\",\"@id\":\"https:\/\/freeimprobarcelona.com\/es\/calendar\/dimecres-de-so-i-cos-nuno-rebelo-constanza-brncic-presenten-si-se-diera-un-cuerpo-al-bullicio\/\",\"url\":\"https:\/\/freeimprobarcelona.com\/es\/calendar\/dimecres-de-so-i-cos-nuno-rebelo-constanza-brncic-presenten-si-se-diera-un-cuerpo-al-bullicio\/\",\"name\":\"Dimecres de so i cos Nuno Rebelo + Constanza Brn\u010di\u0107 presenten \u201c\u00a1Si se diera un cuerpo al bullicio!\u201d - Free Impro Barcelona\",\"isPartOf\":{\"@id\":\"https:\/\/freeimprobarcelona.com\/es\/#website\"},\"datePublished\":\"2023-06-21T09:30:57+00:00\",\"dateModified\":\"2023-06-21T09:34:39+00:00\",\"breadcrumb\":{\"@id\":\"https:\/\/freeimprobarcelona.com\/es\/calendar\/dimecres-de-so-i-cos-nuno-rebelo-constanza-brncic-presenten-si-se-diera-un-cuerpo-al-bullicio\/#breadcrumb\"},\"inLanguage\":\"es\",\"potentialAction\":[{\"@type\":\"ReadAction\",\"target\":[\"https:\/\/freeimprobarcelona.com\/es\/calendar\/dimecres-de-so-i-cos-nuno-rebelo-constanza-brncic-presenten-si-se-diera-un-cuerpo-al-bullicio\/\"]}]},{\"@type\":\"BreadcrumbList\",\"@id\":\"https:\/\/freeimprobarcelona.com\/es\/calendar\/dimecres-de-so-i-cos-nuno-rebelo-constanza-brncic-presenten-si-se-diera-un-cuerpo-al-bullicio\/#breadcrumb\",\"itemListElement\":[{\"@type\":\"ListItem\",\"position\":1,\"name\":\"Inicio\",\"item\":\"https:\/\/freeimprobarcelona.com\/es\/\"},{\"@type\":\"ListItem\",\"position\":2,\"name\":\"Eventos\",\"item\":\"https:\/\/freeimprobarcelona.com\/es\/calendar\/\"},{\"@type\":\"ListItem\",\"position\":3,\"name\":\"Dimecres de so i cos Nuno Rebelo + Constanza Brn\u010di\u0107 presenten \u201c\u00a1Si se diera un cuerpo al bullicio!\u201d\"}]},{\"@type\":\"WebSite\",\"@id\":\"https:\/\/freeimprobarcelona.com\/es\/#website\",\"url\":\"https:\/\/freeimprobarcelona.com\/es\/\",\"name\":\"Free Impro Barcelona\",\"description\":\"Free Impro Barcelona\",\"potentialAction\":[{\"@type\":\"SearchAction\",\"target\":{\"@type\":\"EntryPoint\",\"urlTemplate\":\"https:\/\/freeimprobarcelona.com\/es\/?s={search_term_string}\"},\"query-input\":\"required name=search_term_string\"}],\"inLanguage\":\"es\"}]}<\/script>\n<!-- \/ Yoast SEO plugin. -->","yoast_head_json":{"title":"Dimecres de so i cos Nuno Rebelo + Constanza Brn\u010di\u0107 presenten \u201c\u00a1Si se diera un cuerpo al bullicio!\u201d - Free Impro Barcelona","robots":{"index":"index","follow":"follow","max-snippet":"max-snippet:-1","max-image-preview":"max-image-preview:large","max-video-preview":"max-video-preview:-1"},"canonical":"https:\/\/freeimprobarcelona.com\/es\/calendar\/dimecres-de-so-i-cos-nuno-rebelo-constanza-brncic-presenten-si-se-diera-un-cuerpo-al-bullicio\/","og_locale":"es_ES","og_type":"article","og_title":"Dimecres de so i cos Nuno Rebelo + Constanza Brn\u010di\u0107 presenten \u201c\u00a1Si se diera un cuerpo al bullicio!\u201d - Free Impro Barcelona","og_description":"Nuno Rebelo y Constanza Brn\u010di\u0107 colaboran desde hace unos a\u00f1os en diversos trabajos de creaci\u00f3n esc\u00e9nica. El inter\u00e9s que ambos comparten por las m\u00fasicas experimentales, la improvisaci\u00f3n y el placer por el juego performativo, los ha llevado a encontrarse en diferentes ocasiones y contextos para improvisar con sonido y movimiento. A partir de estos encuentros, [&hellip;]","og_url":"https:\/\/freeimprobarcelona.com\/es\/calendar\/dimecres-de-so-i-cos-nuno-rebelo-constanza-brncic-presenten-si-se-diera-un-cuerpo-al-bullicio\/","og_site_name":"Free Impro Barcelona","article_modified_time":"2023-06-21T09:34:39+00:00","og_image":[{"width":606,"height":366,"url":"https:\/\/freeimprobarcelona.com\/wp-content\/uploads\/2023\/06\/Dar-a-Ouvir-Se-se-desse-um-corpo-ao-ruido-46-606x366-1.jpg","type":"image\/jpeg"}],"twitter_card":"summary_large_image","twitter_misc":{"Tiempo de lectura":"2 minutos"},"schema":{"@context":"https:\/\/schema.org","@graph":[{"@type":"WebPage","@id":"https:\/\/freeimprobarcelona.com\/es\/calendar\/dimecres-de-so-i-cos-nuno-rebelo-constanza-brncic-presenten-si-se-diera-un-cuerpo-al-bullicio\/","url":"https:\/\/freeimprobarcelona.com\/es\/calendar\/dimecres-de-so-i-cos-nuno-rebelo-constanza-brncic-presenten-si-se-diera-un-cuerpo-al-bullicio\/","name":"Dimecres de so i cos Nuno Rebelo + Constanza Brn\u010di\u0107 presenten \u201c\u00a1Si se diera un cuerpo al bullicio!\u201d - Free Impro Barcelona","isPartOf":{"@id":"https:\/\/freeimprobarcelona.com\/es\/#website"},"datePublished":"2023-06-21T09:30:57+00:00","dateModified":"2023-06-21T09:34:39+00:00","breadcrumb":{"@id":"https:\/\/freeimprobarcelona.com\/es\/calendar\/dimecres-de-so-i-cos-nuno-rebelo-constanza-brncic-presenten-si-se-diera-un-cuerpo-al-bullicio\/#breadcrumb"},"inLanguage":"es","potentialAction":[{"@type":"ReadAction","target":["https:\/\/freeimprobarcelona.com\/es\/calendar\/dimecres-de-so-i-cos-nuno-rebelo-constanza-brncic-presenten-si-se-diera-un-cuerpo-al-bullicio\/"]}]},{"@type":"BreadcrumbList","@id":"https:\/\/freeimprobarcelona.com\/es\/calendar\/dimecres-de-so-i-cos-nuno-rebelo-constanza-brncic-presenten-si-se-diera-un-cuerpo-al-bullicio\/#breadcrumb","itemListElement":[{"@type":"ListItem","position":1,"name":"Inicio","item":"https:\/\/freeimprobarcelona.com\/es\/"},{"@type":"ListItem","position":2,"name":"Eventos","item":"https:\/\/freeimprobarcelona.com\/es\/calendar\/"},{"@type":"ListItem","position":3,"name":"Dimecres de so i cos Nuno Rebelo + Constanza Brn\u010di\u0107 presenten \u201c\u00a1Si se diera un cuerpo al bullicio!\u201d"}]},{"@type":"WebSite","@id":"https:\/\/freeimprobarcelona.com\/es\/#website","url":"https:\/\/freeimprobarcelona.com\/es\/","name":"Free Impro Barcelona","description":"Free Impro Barcelona","potentialAction":[{"@type":"SearchAction","target":{"@type":"EntryPoint","urlTemplate":"https:\/\/freeimprobarcelona.com\/es\/?s={search_term_string}"},"query-input":"required name=search_term_string"}],"inLanguage":"es"}]}},"_links":{"self":[{"href":"https:\/\/freeimprobarcelona.com\/es\/wp-json\/wp\/v2\/mec-events\/4059","targetHints":{"allow":["GET"]}}],"collection":[{"href":"https:\/\/freeimprobarcelona.com\/es\/wp-json\/wp\/v2\/mec-events"}],"about":[{"href":"https:\/\/freeimprobarcelona.com\/es\/wp-json\/wp\/v2\/types\/mec-events"}],"author":[{"embeddable":true,"href":"https:\/\/freeimprobarcelona.com\/es\/wp-json\/wp\/v2\/users\/2"}],"wp:featuredmedia":[{"embeddable":true,"href":"https:\/\/freeimprobarcelona.com\/es\/wp-json\/wp\/v2\/media\/4057"}],"wp:attachment":[{"href":"https:\/\/freeimprobarcelona.com\/es\/wp-json\/wp\/v2\/media?parent=4059"}],"wp:term":[{"taxonomy":"post_tag","embeddable":true,"href":"https:\/\/freeimprobarcelona.com\/es\/wp-json\/wp\/v2\/tags?post=4059"},{"taxonomy":"mec_category","embeddable":true,"href":"https:\/\/freeimprobarcelona.com\/es\/wp-json\/wp\/v2\/mec_category?post=4059"},{"taxonomy":"mec_speaker","embeddable":true,"href":"https:\/\/freeimprobarcelona.com\/es\/wp-json\/wp\/v2\/mec_speaker?post=4059"}],"curies":[{"name":"wp","href":"https:\/\/api.w.org\/{rel}","templated":true}]}}