{"id":3867,"date":"2023-05-07T09:33:46","date_gmt":"2023-05-07T09:33:46","guid":{"rendered":"https:\/\/freeimprobarcelona.com\/?post_type=mec-events&#038;p=3867"},"modified":"2023-05-07T09:34:58","modified_gmt":"2023-05-07T09:34:58","slug":"nits-de-musica-al-carrer-hortes-platxeries-musicals-a-la-base-va-per-tu-marianne","status":"publish","type":"mec-events","link":"https:\/\/freeimprobarcelona.com\/es\/calendar\/nits-de-musica-al-carrer-hortes-platxeries-musicals-a-la-base-va-per-tu-marianne\/","title":{"rendered":"Nits de M\u00fasica al Carrer Hortes. Platx\u00e8ries musicals a la Base &#8211; Va per tu Marianne!"},"content":{"rendered":"<p>En honor a Marianne y para que la cultura no pare nos encontramos en la Base como cada Martes para poder presenciar el ensemble conducido por Iv\u00e1n Gonz\u00e1lez: Sings of Freedom.<\/p>\n<p>19:30h<\/p>\n<p>Iv\u00e1n Gonz\u00e1lez conductor\/\/ Amidea guitarra el\u00e9ctrica\/\/ Raimon Mol\u00e0 teclados\/\/ Victor Colomer Tromb\u00f3n\/\/ Vicent P\u00e9rez Tromb\u00f3n\/\/ Anggie Obin flauta travesera\/\/ \u00c1ngel Faraldo No in-pumixer\/\/ Tom Chant\u00a0 saxo<\/p>\n","protected":false},"excerpt":{"rendered":"<p>En honor a Marianne y para que la cultura no pare nos encontramos en la Base como cada Martes para poder presenciar el ensemble conducido por Iv\u00e1n Gonz\u00e1lez: Sings of Freedom. 19:30h Iv\u00e1n Gonz\u00e1lez conductor\/\/ Amidea guitarra el\u00e9ctrica\/\/ Raimon Mol\u00e0 teclados\/\/ Victor Colomer Tromb\u00f3n\/\/ Vicent P\u00e9rez Tromb\u00f3n\/\/ Anggie Obin flauta travesera\/\/ \u00c1ngel Faraldo No in-pumixer\/\/ [&hellip;]<\/p>\n","protected":false},"author":2,"featured_media":3865,"template":"","meta":{"_et_pb_use_builder":"","_et_pb_old_content":"","_et_gb_content_width":""},"tags":[],"mec_category":[387],"mec_speaker":[189,803,1917,363,777,246,534,373],"class_list":["post-3867","mec-events","type-mec-events","status-publish","has-post-thumbnail","hentry","mec_category-cicle-la-base-es"],"yoast_head":"<!-- This site is optimized with the Yoast SEO plugin v19.9 - https:\/\/yoast.com\/wordpress\/plugins\/seo\/ -->\n<title>Nits de M\u00fasica al Carrer Hortes. Platx\u00e8ries musicals a la Base - Va per tu Marianne! - Free Impro Barcelona<\/title>\n<meta name=\"robots\" content=\"index, follow, max-snippet:-1, max-image-preview:large, max-video-preview:-1\" \/>\n<link rel=\"canonical\" href=\"https:\/\/freeimprobarcelona.com\/es\/calendar\/nits-de-musica-al-carrer-hortes-platxeries-musicals-a-la-base-va-per-tu-marianne\/\" \/>\n<meta property=\"og:locale\" content=\"es_ES\" \/>\n<meta property=\"og:type\" content=\"article\" \/>\n<meta property=\"og:title\" content=\"Nits de M\u00fasica al Carrer Hortes. Platx\u00e8ries musicals a la Base - Va per tu Marianne! - Free Impro Barcelona\" \/>\n<meta property=\"og:description\" content=\"En honor a Marianne y para que la cultura no pare nos encontramos en la Base como cada Martes para poder presenciar el ensemble conducido por Iv\u00e1n Gonz\u00e1lez: Sings of Freedom. 19:30h Iv\u00e1n Gonz\u00e1lez conductor\/\/ Amidea guitarra el\u00e9ctrica\/\/ Raimon Mol\u00e0 teclados\/\/ Victor Colomer Tromb\u00f3n\/\/ Vicent P\u00e9rez Tromb\u00f3n\/\/ Anggie Obin flauta travesera\/\/ \u00c1ngel Faraldo No in-pumixer\/\/ [&hellip;]\" \/>\n<meta property=\"og:url\" content=\"https:\/\/freeimprobarcelona.com\/es\/calendar\/nits-de-musica-al-carrer-hortes-platxeries-musicals-a-la-base-va-per-tu-marianne\/\" \/>\n<meta property=\"og:site_name\" content=\"Free Impro Barcelona\" \/>\n<meta property=\"article:modified_time\" content=\"2023-05-07T09:34:58+00:00\" \/>\n<meta property=\"og:image\" content=\"https:\/\/freeimprobarcelona.com\/wp-content\/uploads\/2023\/05\/WhatsApp-Image-2023-05-06-at-21.02.27.jpeg\" \/>\n\t<meta property=\"og:image:width\" content=\"707\" \/>\n\t<meta property=\"og:image:height\" content=\"1000\" \/>\n\t<meta property=\"og:image:type\" content=\"image\/jpeg\" \/>\n<meta name=\"twitter:card\" content=\"summary_large_image\" \/>\n<script type=\"application\/ld+json\" class=\"yoast-schema-graph\">{\"@context\":\"https:\/\/schema.org\",\"@graph\":[{\"@type\":\"WebPage\",\"@id\":\"https:\/\/freeimprobarcelona.com\/es\/calendar\/nits-de-musica-al-carrer-hortes-platxeries-musicals-a-la-base-va-per-tu-marianne\/\",\"url\":\"https:\/\/freeimprobarcelona.com\/es\/calendar\/nits-de-musica-al-carrer-hortes-platxeries-musicals-a-la-base-va-per-tu-marianne\/\",\"name\":\"Nits de M\u00fasica al Carrer Hortes. Platx\u00e8ries musicals a la Base - Va per tu Marianne! - Free Impro Barcelona\",\"isPartOf\":{\"@id\":\"https:\/\/freeimprobarcelona.com\/es\/#website\"},\"datePublished\":\"2023-05-07T09:33:46+00:00\",\"dateModified\":\"2023-05-07T09:34:58+00:00\",\"breadcrumb\":{\"@id\":\"https:\/\/freeimprobarcelona.com\/es\/calendar\/nits-de-musica-al-carrer-hortes-platxeries-musicals-a-la-base-va-per-tu-marianne\/#breadcrumb\"},\"inLanguage\":\"es\",\"potentialAction\":[{\"@type\":\"ReadAction\",\"target\":[\"https:\/\/freeimprobarcelona.com\/es\/calendar\/nits-de-musica-al-carrer-hortes-platxeries-musicals-a-la-base-va-per-tu-marianne\/\"]}]},{\"@type\":\"BreadcrumbList\",\"@id\":\"https:\/\/freeimprobarcelona.com\/es\/calendar\/nits-de-musica-al-carrer-hortes-platxeries-musicals-a-la-base-va-per-tu-marianne\/#breadcrumb\",\"itemListElement\":[{\"@type\":\"ListItem\",\"position\":1,\"name\":\"Inicio\",\"item\":\"https:\/\/freeimprobarcelona.com\/es\/\"},{\"@type\":\"ListItem\",\"position\":2,\"name\":\"Eventos\",\"item\":\"https:\/\/freeimprobarcelona.com\/es\/calendar\/\"},{\"@type\":\"ListItem\",\"position\":3,\"name\":\"Nits de M\u00fasica al Carrer Hortes. Platx\u00e8ries musicals a la Base &#8211; Va per tu Marianne!\"}]},{\"@type\":\"WebSite\",\"@id\":\"https:\/\/freeimprobarcelona.com\/es\/#website\",\"url\":\"https:\/\/freeimprobarcelona.com\/es\/\",\"name\":\"Free Impro Barcelona\",\"description\":\"Free Impro Barcelona\",\"potentialAction\":[{\"@type\":\"SearchAction\",\"target\":{\"@type\":\"EntryPoint\",\"urlTemplate\":\"https:\/\/freeimprobarcelona.com\/es\/?s={search_term_string}\"},\"query-input\":\"required name=search_term_string\"}],\"inLanguage\":\"es\"}]}<\/script>\n<!-- \/ Yoast SEO plugin. -->","yoast_head_json":{"title":"Nits de M\u00fasica al Carrer Hortes. Platx\u00e8ries musicals a la Base - Va per tu Marianne! - Free Impro Barcelona","robots":{"index":"index","follow":"follow","max-snippet":"max-snippet:-1","max-image-preview":"max-image-preview:large","max-video-preview":"max-video-preview:-1"},"canonical":"https:\/\/freeimprobarcelona.com\/es\/calendar\/nits-de-musica-al-carrer-hortes-platxeries-musicals-a-la-base-va-per-tu-marianne\/","og_locale":"es_ES","og_type":"article","og_title":"Nits de M\u00fasica al Carrer Hortes. Platx\u00e8ries musicals a la Base - Va per tu Marianne! - Free Impro Barcelona","og_description":"En honor a Marianne y para que la cultura no pare nos encontramos en la Base como cada Martes para poder presenciar el ensemble conducido por Iv\u00e1n Gonz\u00e1lez: Sings of Freedom. 19:30h Iv\u00e1n Gonz\u00e1lez conductor\/\/ Amidea guitarra el\u00e9ctrica\/\/ Raimon Mol\u00e0 teclados\/\/ Victor Colomer Tromb\u00f3n\/\/ Vicent P\u00e9rez Tromb\u00f3n\/\/ Anggie Obin flauta travesera\/\/ \u00c1ngel Faraldo No in-pumixer\/\/ [&hellip;]","og_url":"https:\/\/freeimprobarcelona.com\/es\/calendar\/nits-de-musica-al-carrer-hortes-platxeries-musicals-a-la-base-va-per-tu-marianne\/","og_site_name":"Free Impro Barcelona","article_modified_time":"2023-05-07T09:34:58+00:00","og_image":[{"width":707,"height":1000,"url":"https:\/\/freeimprobarcelona.com\/wp-content\/uploads\/2023\/05\/WhatsApp-Image-2023-05-06-at-21.02.27.jpeg","type":"image\/jpeg"}],"twitter_card":"summary_large_image","schema":{"@context":"https:\/\/schema.org","@graph":[{"@type":"WebPage","@id":"https:\/\/freeimprobarcelona.com\/es\/calendar\/nits-de-musica-al-carrer-hortes-platxeries-musicals-a-la-base-va-per-tu-marianne\/","url":"https:\/\/freeimprobarcelona.com\/es\/calendar\/nits-de-musica-al-carrer-hortes-platxeries-musicals-a-la-base-va-per-tu-marianne\/","name":"Nits de M\u00fasica al Carrer Hortes. Platx\u00e8ries musicals a la Base - Va per tu Marianne! - Free Impro Barcelona","isPartOf":{"@id":"https:\/\/freeimprobarcelona.com\/es\/#website"},"datePublished":"2023-05-07T09:33:46+00:00","dateModified":"2023-05-07T09:34:58+00:00","breadcrumb":{"@id":"https:\/\/freeimprobarcelona.com\/es\/calendar\/nits-de-musica-al-carrer-hortes-platxeries-musicals-a-la-base-va-per-tu-marianne\/#breadcrumb"},"inLanguage":"es","potentialAction":[{"@type":"ReadAction","target":["https:\/\/freeimprobarcelona.com\/es\/calendar\/nits-de-musica-al-carrer-hortes-platxeries-musicals-a-la-base-va-per-tu-marianne\/"]}]},{"@type":"BreadcrumbList","@id":"https:\/\/freeimprobarcelona.com\/es\/calendar\/nits-de-musica-al-carrer-hortes-platxeries-musicals-a-la-base-va-per-tu-marianne\/#breadcrumb","itemListElement":[{"@type":"ListItem","position":1,"name":"Inicio","item":"https:\/\/freeimprobarcelona.com\/es\/"},{"@type":"ListItem","position":2,"name":"Eventos","item":"https:\/\/freeimprobarcelona.com\/es\/calendar\/"},{"@type":"ListItem","position":3,"name":"Nits de M\u00fasica al Carrer Hortes. Platx\u00e8ries musicals a la Base &#8211; Va per tu Marianne!"}]},{"@type":"WebSite","@id":"https:\/\/freeimprobarcelona.com\/es\/#website","url":"https:\/\/freeimprobarcelona.com\/es\/","name":"Free Impro Barcelona","description":"Free Impro Barcelona","potentialAction":[{"@type":"SearchAction","target":{"@type":"EntryPoint","urlTemplate":"https:\/\/freeimprobarcelona.com\/es\/?s={search_term_string}"},"query-input":"required name=search_term_string"}],"inLanguage":"es"}]}},"_links":{"self":[{"href":"https:\/\/freeimprobarcelona.com\/es\/wp-json\/wp\/v2\/mec-events\/3867","targetHints":{"allow":["GET"]}}],"collection":[{"href":"https:\/\/freeimprobarcelona.com\/es\/wp-json\/wp\/v2\/mec-events"}],"about":[{"href":"https:\/\/freeimprobarcelona.com\/es\/wp-json\/wp\/v2\/types\/mec-events"}],"author":[{"embeddable":true,"href":"https:\/\/freeimprobarcelona.com\/es\/wp-json\/wp\/v2\/users\/2"}],"wp:featuredmedia":[{"embeddable":true,"href":"https:\/\/freeimprobarcelona.com\/es\/wp-json\/wp\/v2\/media\/3865"}],"wp:attachment":[{"href":"https:\/\/freeimprobarcelona.com\/es\/wp-json\/wp\/v2\/media?parent=3867"}],"wp:term":[{"taxonomy":"post_tag","embeddable":true,"href":"https:\/\/freeimprobarcelona.com\/es\/wp-json\/wp\/v2\/tags?post=3867"},{"taxonomy":"mec_category","embeddable":true,"href":"https:\/\/freeimprobarcelona.com\/es\/wp-json\/wp\/v2\/mec_category?post=3867"},{"taxonomy":"mec_speaker","embeddable":true,"href":"https:\/\/freeimprobarcelona.com\/es\/wp-json\/wp\/v2\/mec_speaker?post=3867"}],"curies":[{"name":"wp","href":"https:\/\/api.w.org\/{rel}","templated":true}]}}