{"id":3846,"date":"2023-05-03T10:52:13","date_gmt":"2023-05-03T10:52:13","guid":{"rendered":"https:\/\/freeimprobarcelona.com\/?post_type=mec-events&#038;p=3846"},"modified":"2023-05-03T10:54:44","modified_gmt":"2023-05-03T10:54:44","slug":"dimecres-3-de-maig-ateneu-darts-i-oficis-de-vallcarca","status":"publish","type":"mec-events","link":"https:\/\/freeimprobarcelona.com\/es\/calendar\/dimecres-3-de-maig-ateneu-darts-i-oficis-de-vallcarca\/","title":{"rendered":"Dimecres 3 de Maig &#8211; Ateneu d&#8217;Arts i Oficis de Vallcarca"},"content":{"rendered":"<p>Est\u00e1n m\u00e1s que invitadas a venir al concierto que haremos el 3 de mayo de 19 ha 22 h en el Ateneo de Artes y Oficios de Vallcarca (Av. Vallcarca 77, Vallcarca L3, se entra por la puerta met\u00e1lica gris) . Funcionar\u00e1 con taquilla inversa (aportaci\u00f3n recomendada 5\u20ac o m\u00e1s) tocar\u00e1n 3 bandas y contar\u00e1 con una mezcla de danza, ambiente\/ruido a partes iguales y experimentaci\u00f3n con modulares.<\/p>\n<p>&#8211; Touching Grounds: Maartje Pasman y Stefan Voglsinger examinan la intersecci\u00f3n del movimiento, la m\u00fasica de ruido ambiental e instalaci\u00f3n multimedia. A partir de las observaciones de su reciente viaje a la isla de Java, Indonesia, su improvisaci\u00f3n transmedia pretende explorar la relaci\u00f3n entre la memoria sinest\u00e9sica y la percepci\u00f3n auditiva. La memoria corporal y las grabaciones de campo alimentan el proceso de su investigaci\u00f3n art\u00edstica. Electr\u00f3nica y repeticiones r\u00edtmicas se convierten en la banda sonora de una hipn\u00f3tica banda sonora de un espect\u00e1culo hipn\u00f3tico de danza<\/p>\n<p>&#8211; Flie\u00dfgew\u00e4sser: (alias de la expresi\u00f3n s\u00f3nica personal de Heinzel) es m\u00fasica electroac\u00fastica intencionadamente misteriosa y juguetona, originada a partir de conversaciones aleatorias sobre un futuro generalmente incierto que obliga a improvisar siempre. <a href=\"https:\/\/krimskramz.com\/fliessgewaesser\/\">https:\/\/krimskramz.com\/fliessgewaesser\/<\/a><\/p>\n<p>&#8211; Pensamiento Salvaje: Pensamiento Salvaje es el seud\u00f3nimo que \u00c9ric utiliza para sus composiciones con modulares Eurorack, sirvi\u00e9ndose de excesos mel\u00f3dicos para intentar materializar los estados de \u00e1nimo que le rondan por dentro. El t\u00edtulo escogido no est\u00e1 al babal\u00e1 y propone un juego de palabras entre pensamiento (tambi\u00e9n conocido como viola tricolor, una planta con flor de la familia de las viol\u00e1ceas) y salvaje (silvestre, que crece de forma desordenada), es decir , el proyecto tiene como leitmotiv la salud mental ya menudo se acompa\u00f1a de una gr\u00e1fica donde aparecen casas quem\u00e1ndose: Un simbolismo directo con las feroces intensidades que \u00e9sta puede generar. Actualmente, se encuentra trabajando en su primera demo. <a href=\"https:\/\/soundcloud.com\/pensamentsalvaje\">https:\/\/soundcloud.com\/pensamentsalvaje<\/a><\/p>\n","protected":false},"excerpt":{"rendered":"<p>Est\u00e1n m\u00e1s que invitadas a venir al concierto que haremos el 3 de mayo de 19 ha 22 h en el Ateneo de Artes y Oficios de Vallcarca (Av. Vallcarca 77, Vallcarca L3, se entra por la puerta met\u00e1lica gris) . Funcionar\u00e1 con taquilla inversa (aportaci\u00f3n recomendada 5\u20ac o m\u00e1s) tocar\u00e1n 3 bandas y contar\u00e1 [&hellip;]<\/p>\n","protected":false},"author":2,"featured_media":3841,"template":"","meta":{"_et_pb_use_builder":"","_et_pb_old_content":"","_et_gb_content_width":""},"tags":[],"mec_category":[2208],"mec_speaker":[],"class_list":["post-3846","mec-events","type-mec-events","status-publish","has-post-thumbnail","hentry","mec_category-ateneu-darts-i-oficis-de-vallcarca-es"],"yoast_head":"<!-- This site is optimized with the Yoast SEO plugin v19.9 - https:\/\/yoast.com\/wordpress\/plugins\/seo\/ -->\n<title>Dimecres 3 de Maig - Ateneu d&#039;Arts i Oficis de Vallcarca - Free Impro Barcelona<\/title>\n<meta name=\"robots\" content=\"index, follow, max-snippet:-1, max-image-preview:large, max-video-preview:-1\" \/>\n<link rel=\"canonical\" href=\"https:\/\/freeimprobarcelona.com\/es\/calendar\/dimecres-3-de-maig-ateneu-darts-i-oficis-de-vallcarca\/\" \/>\n<meta property=\"og:locale\" content=\"es_ES\" \/>\n<meta property=\"og:type\" content=\"article\" \/>\n<meta property=\"og:title\" content=\"Dimecres 3 de Maig - Ateneu d&#039;Arts i Oficis de Vallcarca - Free Impro Barcelona\" \/>\n<meta property=\"og:description\" content=\"Est\u00e1n m\u00e1s que invitadas a venir al concierto que haremos el 3 de mayo de 19 ha 22 h en el Ateneo de Artes y Oficios de Vallcarca (Av. Vallcarca 77, Vallcarca L3, se entra por la puerta met\u00e1lica gris) . Funcionar\u00e1 con taquilla inversa (aportaci\u00f3n recomendada 5\u20ac o m\u00e1s) tocar\u00e1n 3 bandas y contar\u00e1 [&hellip;]\" \/>\n<meta property=\"og:url\" content=\"https:\/\/freeimprobarcelona.com\/es\/calendar\/dimecres-3-de-maig-ateneu-darts-i-oficis-de-vallcarca\/\" \/>\n<meta property=\"og:site_name\" content=\"Free Impro Barcelona\" \/>\n<meta property=\"article:modified_time\" content=\"2023-05-03T10:54:44+00:00\" \/>\n<meta property=\"og:image\" content=\"https:\/\/freeimprobarcelona.com\/wp-content\/uploads\/2023\/05\/photo_5949370582703390191_y.jpg\" \/>\n\t<meta property=\"og:image:width\" content=\"905\" \/>\n\t<meta property=\"og:image:height\" content=\"1280\" \/>\n\t<meta property=\"og:image:type\" content=\"image\/jpeg\" \/>\n<meta name=\"twitter:card\" content=\"summary_large_image\" \/>\n<meta name=\"twitter:label1\" content=\"Tiempo de lectura\" \/>\n\t<meta name=\"twitter:data1\" content=\"2 minutos\" \/>\n<script type=\"application\/ld+json\" class=\"yoast-schema-graph\">{\"@context\":\"https:\/\/schema.org\",\"@graph\":[{\"@type\":\"WebPage\",\"@id\":\"https:\/\/freeimprobarcelona.com\/es\/calendar\/dimecres-3-de-maig-ateneu-darts-i-oficis-de-vallcarca\/\",\"url\":\"https:\/\/freeimprobarcelona.com\/es\/calendar\/dimecres-3-de-maig-ateneu-darts-i-oficis-de-vallcarca\/\",\"name\":\"Dimecres 3 de Maig - Ateneu d'Arts i Oficis de Vallcarca - Free Impro Barcelona\",\"isPartOf\":{\"@id\":\"https:\/\/freeimprobarcelona.com\/es\/#website\"},\"datePublished\":\"2023-05-03T10:52:13+00:00\",\"dateModified\":\"2023-05-03T10:54:44+00:00\",\"breadcrumb\":{\"@id\":\"https:\/\/freeimprobarcelona.com\/es\/calendar\/dimecres-3-de-maig-ateneu-darts-i-oficis-de-vallcarca\/#breadcrumb\"},\"inLanguage\":\"es\",\"potentialAction\":[{\"@type\":\"ReadAction\",\"target\":[\"https:\/\/freeimprobarcelona.com\/es\/calendar\/dimecres-3-de-maig-ateneu-darts-i-oficis-de-vallcarca\/\"]}]},{\"@type\":\"BreadcrumbList\",\"@id\":\"https:\/\/freeimprobarcelona.com\/es\/calendar\/dimecres-3-de-maig-ateneu-darts-i-oficis-de-vallcarca\/#breadcrumb\",\"itemListElement\":[{\"@type\":\"ListItem\",\"position\":1,\"name\":\"Inicio\",\"item\":\"https:\/\/freeimprobarcelona.com\/es\/\"},{\"@type\":\"ListItem\",\"position\":2,\"name\":\"Eventos\",\"item\":\"https:\/\/freeimprobarcelona.com\/es\/calendar\/\"},{\"@type\":\"ListItem\",\"position\":3,\"name\":\"Dimecres 3 de Maig &#8211; Ateneu d&#8217;Arts i Oficis de Vallcarca\"}]},{\"@type\":\"WebSite\",\"@id\":\"https:\/\/freeimprobarcelona.com\/es\/#website\",\"url\":\"https:\/\/freeimprobarcelona.com\/es\/\",\"name\":\"Free Impro Barcelona\",\"description\":\"Free Impro Barcelona\",\"potentialAction\":[{\"@type\":\"SearchAction\",\"target\":{\"@type\":\"EntryPoint\",\"urlTemplate\":\"https:\/\/freeimprobarcelona.com\/es\/?s={search_term_string}\"},\"query-input\":\"required name=search_term_string\"}],\"inLanguage\":\"es\"}]}<\/script>\n<!-- \/ Yoast SEO plugin. -->","yoast_head_json":{"title":"Dimecres 3 de Maig - Ateneu d'Arts i Oficis de Vallcarca - Free Impro Barcelona","robots":{"index":"index","follow":"follow","max-snippet":"max-snippet:-1","max-image-preview":"max-image-preview:large","max-video-preview":"max-video-preview:-1"},"canonical":"https:\/\/freeimprobarcelona.com\/es\/calendar\/dimecres-3-de-maig-ateneu-darts-i-oficis-de-vallcarca\/","og_locale":"es_ES","og_type":"article","og_title":"Dimecres 3 de Maig - Ateneu d'Arts i Oficis de Vallcarca - Free Impro Barcelona","og_description":"Est\u00e1n m\u00e1s que invitadas a venir al concierto que haremos el 3 de mayo de 19 ha 22 h en el Ateneo de Artes y Oficios de Vallcarca (Av. Vallcarca 77, Vallcarca L3, se entra por la puerta met\u00e1lica gris) . Funcionar\u00e1 con taquilla inversa (aportaci\u00f3n recomendada 5\u20ac o m\u00e1s) tocar\u00e1n 3 bandas y contar\u00e1 [&hellip;]","og_url":"https:\/\/freeimprobarcelona.com\/es\/calendar\/dimecres-3-de-maig-ateneu-darts-i-oficis-de-vallcarca\/","og_site_name":"Free Impro Barcelona","article_modified_time":"2023-05-03T10:54:44+00:00","og_image":[{"width":905,"height":1280,"url":"https:\/\/freeimprobarcelona.com\/wp-content\/uploads\/2023\/05\/photo_5949370582703390191_y.jpg","type":"image\/jpeg"}],"twitter_card":"summary_large_image","twitter_misc":{"Tiempo de lectura":"2 minutos"},"schema":{"@context":"https:\/\/schema.org","@graph":[{"@type":"WebPage","@id":"https:\/\/freeimprobarcelona.com\/es\/calendar\/dimecres-3-de-maig-ateneu-darts-i-oficis-de-vallcarca\/","url":"https:\/\/freeimprobarcelona.com\/es\/calendar\/dimecres-3-de-maig-ateneu-darts-i-oficis-de-vallcarca\/","name":"Dimecres 3 de Maig - Ateneu d'Arts i Oficis de Vallcarca - Free Impro Barcelona","isPartOf":{"@id":"https:\/\/freeimprobarcelona.com\/es\/#website"},"datePublished":"2023-05-03T10:52:13+00:00","dateModified":"2023-05-03T10:54:44+00:00","breadcrumb":{"@id":"https:\/\/freeimprobarcelona.com\/es\/calendar\/dimecres-3-de-maig-ateneu-darts-i-oficis-de-vallcarca\/#breadcrumb"},"inLanguage":"es","potentialAction":[{"@type":"ReadAction","target":["https:\/\/freeimprobarcelona.com\/es\/calendar\/dimecres-3-de-maig-ateneu-darts-i-oficis-de-vallcarca\/"]}]},{"@type":"BreadcrumbList","@id":"https:\/\/freeimprobarcelona.com\/es\/calendar\/dimecres-3-de-maig-ateneu-darts-i-oficis-de-vallcarca\/#breadcrumb","itemListElement":[{"@type":"ListItem","position":1,"name":"Inicio","item":"https:\/\/freeimprobarcelona.com\/es\/"},{"@type":"ListItem","position":2,"name":"Eventos","item":"https:\/\/freeimprobarcelona.com\/es\/calendar\/"},{"@type":"ListItem","position":3,"name":"Dimecres 3 de Maig &#8211; Ateneu d&#8217;Arts i Oficis de Vallcarca"}]},{"@type":"WebSite","@id":"https:\/\/freeimprobarcelona.com\/es\/#website","url":"https:\/\/freeimprobarcelona.com\/es\/","name":"Free Impro Barcelona","description":"Free Impro Barcelona","potentialAction":[{"@type":"SearchAction","target":{"@type":"EntryPoint","urlTemplate":"https:\/\/freeimprobarcelona.com\/es\/?s={search_term_string}"},"query-input":"required name=search_term_string"}],"inLanguage":"es"}]}},"_links":{"self":[{"href":"https:\/\/freeimprobarcelona.com\/es\/wp-json\/wp\/v2\/mec-events\/3846","targetHints":{"allow":["GET"]}}],"collection":[{"href":"https:\/\/freeimprobarcelona.com\/es\/wp-json\/wp\/v2\/mec-events"}],"about":[{"href":"https:\/\/freeimprobarcelona.com\/es\/wp-json\/wp\/v2\/types\/mec-events"}],"author":[{"embeddable":true,"href":"https:\/\/freeimprobarcelona.com\/es\/wp-json\/wp\/v2\/users\/2"}],"wp:featuredmedia":[{"embeddable":true,"href":"https:\/\/freeimprobarcelona.com\/es\/wp-json\/wp\/v2\/media\/3841"}],"wp:attachment":[{"href":"https:\/\/freeimprobarcelona.com\/es\/wp-json\/wp\/v2\/media?parent=3846"}],"wp:term":[{"taxonomy":"post_tag","embeddable":true,"href":"https:\/\/freeimprobarcelona.com\/es\/wp-json\/wp\/v2\/tags?post=3846"},{"taxonomy":"mec_category","embeddable":true,"href":"https:\/\/freeimprobarcelona.com\/es\/wp-json\/wp\/v2\/mec_category?post=3846"},{"taxonomy":"mec_speaker","embeddable":true,"href":"https:\/\/freeimprobarcelona.com\/es\/wp-json\/wp\/v2\/mec_speaker?post=3846"}],"curies":[{"name":"wp","href":"https:\/\/api.w.org\/{rel}","templated":true}]}}