{"id":3229,"date":"2023-01-18T14:11:19","date_gmt":"2023-01-18T14:11:19","guid":{"rendered":"https:\/\/freeimprobarcelona.com\/?post_type=mec-events&#038;p=3229"},"modified":"2023-01-24T11:02:08","modified_gmt":"2023-01-24T11:02:08","slug":"cabeza-de-topo-edicio-14-dedicat-a-juan-antonio-nieto","status":"publish","type":"mec-events","link":"https:\/\/freeimprobarcelona.com\/es\/calendar\/cabeza-de-topo-edicio-14-dedicat-a-juan-antonio-nieto\/","title":{"rendered":"Cabeza de Topo, edici\u00f3 14 dedicat a Juan Antonio Nieto"},"content":{"rendered":"<div class=\"x11i5rnm xat24cr x1mh8g0r x1vvkbs xdj266r\">\n<p>BOOM! Muy contentos de anunciar &#8220;Cabeza de Topo #14&#8221;. En esta edici\u00f3n queremos recordar al gran artista y amigo Juan Antonio Nieto, por eso hemos querido reunirnos de nuevo en el CC Convent de Sant Agust\u00ed tres a\u00f1os despu\u00e9s de aquel maravilloso encuentro donde tuvimos la fortuna de disfrutar y vivir su \u00faltima actuaci\u00f3n en directo. La magia de Juan Antonio Nieto sigue ah\u00ed con nosotros.<\/p>\n<p>&nbsp;<\/p>\n<p>JAVIER PI\u00d1ANGO presentar\u00e1 i.r.real 10, su \u00faltimo disco dentro del proyecto i.r.real nacido en 2010. En este caso, el proceso de trabajo a partir de la idea de plasmar a un Madrid I.R.REAL, fue construir este itinerario, esta traves\u00eda con un principio y final a trav\u00e9s de 17 localizaciones que por uno u otro motivo eran sugerentes para \u00e9l. \u201cConstruir todo lo que rodea al artefacto sonor_visual_escrito de IREAL 10 ha supuesto un largo proceso de dos a\u00f1os, duro, complicado, a veces incluso doloroso, atravesado por la pandemia, enfermedades, p\u00e9rdidas, ansiedades, dificultad&#8230;; pero tambi\u00e9n por la COMPLICIDAD. I.R.REAL 10 dey23 la amistad con Almudena Villar y su fant\u00e1stico trabajo fotogr\u00e1fico, y de la memoria tambi\u00e9n c\u00f3mplice y siempre presente del m\u00fasico amigo que asisti\u00f3 desde la sombra a buena parte del proceso y al que, por supuesto, est\u00e1 dedicado este trabajo: Juan Antonio, el gran Juan Antonio.\u201d Habr\u00e1 una charla previa sobre todo el proceso.<\/p>\n<p>&nbsp;<\/p>\n<p>ENRIQUE DEL CASTILLO con su proyecto Umbrafono. Una performance con tres lectores \u00f3pticos capaces de transformar en sonido los est\u00edmulos \u00f3pticos que generan un haz de luz al atravesar pel\u00edculas de celuloide dise\u00f1adas por el propio autor. Todas son composiciones originales. Las pel\u00edculas est\u00e1n dise\u00f1adas a partir de un esquema de relaci\u00f3n entre la frecuencia de onda de las notas y la repetici\u00f3n de formas geom\u00e9tricas, generando sonidos arm\u00f3nicos, ruidos y texturas sonoras. Este proyecto est\u00e1 basado en el sistema de lectura \u00f3ptico-anal\u00f3gica usado en el cine desde 1919 para la interpretaci\u00f3n de las bandas sonoras.<\/p>\n<p>&nbsp;<\/p>\n<p>DANI BLUE ofrecer\u00e1 un collage sonoro en homenaje a Juan Antonio Nieto, realizado con herramientas propias de los Dj&#8217;s, partiendo de grabaciones de otros artistas, entre ellos el propio Juan Antonio. Ser\u00e1 una actuaci\u00f3n\/sesi\u00f3n improvisada con el objetivo de recrear desde la propia perspectiva los universos ac\u00fasticos de Nieto.<\/p>\n<p>&nbsp;<\/p>\n<p>Sala Noble<\/p>\n<\/div>\n","protected":false},"excerpt":{"rendered":"<p>BOOM! Muy contentos de anunciar &#8220;Cabeza de Topo #14&#8221;. En esta edici\u00f3n queremos recordar al gran artista y amigo Juan Antonio Nieto, por eso hemos querido reunirnos de nuevo en el CC Convent de Sant Agust\u00ed tres a\u00f1os despu\u00e9s de aquel maravilloso encuentro donde tuvimos la fortuna de disfrutar y vivir su \u00faltima actuaci\u00f3n en [&hellip;]<\/p>\n","protected":false},"author":2,"featured_media":3224,"template":"","meta":{"_et_pb_use_builder":"","_et_pb_old_content":"","_et_gb_content_width":""},"tags":[],"mec_category":[1905],"mec_speaker":[1907,1935,1909],"class_list":["post-3229","mec-events","type-mec-events","status-publish","has-post-thumbnail","hentry","mec_category-433-es"],"yoast_head":"<!-- This site is optimized with the Yoast SEO plugin v19.9 - https:\/\/yoast.com\/wordpress\/plugins\/seo\/ -->\n<title>Cabeza de Topo, edici\u00f3 14 dedicat a Juan Antonio Nieto - Free Impro Barcelona<\/title>\n<meta name=\"robots\" content=\"index, follow, max-snippet:-1, max-image-preview:large, max-video-preview:-1\" \/>\n<link rel=\"canonical\" href=\"https:\/\/freeimprobarcelona.com\/es\/calendar\/cabeza-de-topo-edicio-14-dedicat-a-juan-antonio-nieto\/\" \/>\n<meta property=\"og:locale\" content=\"es_ES\" \/>\n<meta property=\"og:type\" content=\"article\" \/>\n<meta property=\"og:title\" content=\"Cabeza de Topo, edici\u00f3 14 dedicat a Juan Antonio Nieto - Free Impro Barcelona\" \/>\n<meta property=\"og:description\" content=\"BOOM! Muy contentos de anunciar &#8220;Cabeza de Topo #14&#8221;. En esta edici\u00f3n queremos recordar al gran artista y amigo Juan Antonio Nieto, por eso hemos querido reunirnos de nuevo en el CC Convent de Sant Agust\u00ed tres a\u00f1os despu\u00e9s de aquel maravilloso encuentro donde tuvimos la fortuna de disfrutar y vivir su \u00faltima actuaci\u00f3n en [&hellip;]\" \/>\n<meta property=\"og:url\" content=\"https:\/\/freeimprobarcelona.com\/es\/calendar\/cabeza-de-topo-edicio-14-dedicat-a-juan-antonio-nieto\/\" \/>\n<meta property=\"og:site_name\" content=\"Free Impro Barcelona\" \/>\n<meta property=\"article:modified_time\" content=\"2023-01-24T11:02:08+00:00\" \/>\n<meta property=\"og:image\" content=\"https:\/\/freeimprobarcelona.com\/wp-content\/uploads\/2023\/01\/CDT-14-Convet-Sant-Agusti_cuadrado-CON-FECHA-CAT.jpg\" \/>\n\t<meta property=\"og:image:width\" content=\"1081\" \/>\n\t<meta property=\"og:image:height\" content=\"1081\" \/>\n\t<meta property=\"og:image:type\" content=\"image\/jpeg\" \/>\n<meta name=\"twitter:card\" content=\"summary_large_image\" \/>\n<meta name=\"twitter:label1\" content=\"Tiempo de lectura\" \/>\n\t<meta name=\"twitter:data1\" content=\"2 minutos\" \/>\n<script type=\"application\/ld+json\" class=\"yoast-schema-graph\">{\"@context\":\"https:\/\/schema.org\",\"@graph\":[{\"@type\":\"WebPage\",\"@id\":\"https:\/\/freeimprobarcelona.com\/es\/calendar\/cabeza-de-topo-edicio-14-dedicat-a-juan-antonio-nieto\/\",\"url\":\"https:\/\/freeimprobarcelona.com\/es\/calendar\/cabeza-de-topo-edicio-14-dedicat-a-juan-antonio-nieto\/\",\"name\":\"Cabeza de Topo, edici\u00f3 14 dedicat a Juan Antonio Nieto - Free Impro Barcelona\",\"isPartOf\":{\"@id\":\"https:\/\/freeimprobarcelona.com\/es\/#website\"},\"datePublished\":\"2023-01-18T14:11:19+00:00\",\"dateModified\":\"2023-01-24T11:02:08+00:00\",\"breadcrumb\":{\"@id\":\"https:\/\/freeimprobarcelona.com\/es\/calendar\/cabeza-de-topo-edicio-14-dedicat-a-juan-antonio-nieto\/#breadcrumb\"},\"inLanguage\":\"es\",\"potentialAction\":[{\"@type\":\"ReadAction\",\"target\":[\"https:\/\/freeimprobarcelona.com\/es\/calendar\/cabeza-de-topo-edicio-14-dedicat-a-juan-antonio-nieto\/\"]}]},{\"@type\":\"BreadcrumbList\",\"@id\":\"https:\/\/freeimprobarcelona.com\/es\/calendar\/cabeza-de-topo-edicio-14-dedicat-a-juan-antonio-nieto\/#breadcrumb\",\"itemListElement\":[{\"@type\":\"ListItem\",\"position\":1,\"name\":\"Inicio\",\"item\":\"https:\/\/freeimprobarcelona.com\/es\/\"},{\"@type\":\"ListItem\",\"position\":2,\"name\":\"Eventos\",\"item\":\"https:\/\/freeimprobarcelona.com\/es\/calendar\/\"},{\"@type\":\"ListItem\",\"position\":3,\"name\":\"Cabeza de Topo, edici\u00f3 14 dedicat a Juan Antonio Nieto\"}]},{\"@type\":\"WebSite\",\"@id\":\"https:\/\/freeimprobarcelona.com\/es\/#website\",\"url\":\"https:\/\/freeimprobarcelona.com\/es\/\",\"name\":\"Free Impro Barcelona\",\"description\":\"Free Impro Barcelona\",\"potentialAction\":[{\"@type\":\"SearchAction\",\"target\":{\"@type\":\"EntryPoint\",\"urlTemplate\":\"https:\/\/freeimprobarcelona.com\/es\/?s={search_term_string}\"},\"query-input\":\"required name=search_term_string\"}],\"inLanguage\":\"es\"}]}<\/script>\n<!-- \/ Yoast SEO plugin. -->","yoast_head_json":{"title":"Cabeza de Topo, edici\u00f3 14 dedicat a Juan Antonio Nieto - Free Impro Barcelona","robots":{"index":"index","follow":"follow","max-snippet":"max-snippet:-1","max-image-preview":"max-image-preview:large","max-video-preview":"max-video-preview:-1"},"canonical":"https:\/\/freeimprobarcelona.com\/es\/calendar\/cabeza-de-topo-edicio-14-dedicat-a-juan-antonio-nieto\/","og_locale":"es_ES","og_type":"article","og_title":"Cabeza de Topo, edici\u00f3 14 dedicat a Juan Antonio Nieto - Free Impro Barcelona","og_description":"BOOM! Muy contentos de anunciar &#8220;Cabeza de Topo #14&#8221;. En esta edici\u00f3n queremos recordar al gran artista y amigo Juan Antonio Nieto, por eso hemos querido reunirnos de nuevo en el CC Convent de Sant Agust\u00ed tres a\u00f1os despu\u00e9s de aquel maravilloso encuentro donde tuvimos la fortuna de disfrutar y vivir su \u00faltima actuaci\u00f3n en [&hellip;]","og_url":"https:\/\/freeimprobarcelona.com\/es\/calendar\/cabeza-de-topo-edicio-14-dedicat-a-juan-antonio-nieto\/","og_site_name":"Free Impro Barcelona","article_modified_time":"2023-01-24T11:02:08+00:00","og_image":[{"width":1081,"height":1081,"url":"https:\/\/freeimprobarcelona.com\/wp-content\/uploads\/2023\/01\/CDT-14-Convet-Sant-Agusti_cuadrado-CON-FECHA-CAT.jpg","type":"image\/jpeg"}],"twitter_card":"summary_large_image","twitter_misc":{"Tiempo de lectura":"2 minutos"},"schema":{"@context":"https:\/\/schema.org","@graph":[{"@type":"WebPage","@id":"https:\/\/freeimprobarcelona.com\/es\/calendar\/cabeza-de-topo-edicio-14-dedicat-a-juan-antonio-nieto\/","url":"https:\/\/freeimprobarcelona.com\/es\/calendar\/cabeza-de-topo-edicio-14-dedicat-a-juan-antonio-nieto\/","name":"Cabeza de Topo, edici\u00f3 14 dedicat a Juan Antonio Nieto - Free Impro Barcelona","isPartOf":{"@id":"https:\/\/freeimprobarcelona.com\/es\/#website"},"datePublished":"2023-01-18T14:11:19+00:00","dateModified":"2023-01-24T11:02:08+00:00","breadcrumb":{"@id":"https:\/\/freeimprobarcelona.com\/es\/calendar\/cabeza-de-topo-edicio-14-dedicat-a-juan-antonio-nieto\/#breadcrumb"},"inLanguage":"es","potentialAction":[{"@type":"ReadAction","target":["https:\/\/freeimprobarcelona.com\/es\/calendar\/cabeza-de-topo-edicio-14-dedicat-a-juan-antonio-nieto\/"]}]},{"@type":"BreadcrumbList","@id":"https:\/\/freeimprobarcelona.com\/es\/calendar\/cabeza-de-topo-edicio-14-dedicat-a-juan-antonio-nieto\/#breadcrumb","itemListElement":[{"@type":"ListItem","position":1,"name":"Inicio","item":"https:\/\/freeimprobarcelona.com\/es\/"},{"@type":"ListItem","position":2,"name":"Eventos","item":"https:\/\/freeimprobarcelona.com\/es\/calendar\/"},{"@type":"ListItem","position":3,"name":"Cabeza de Topo, edici\u00f3 14 dedicat a Juan Antonio Nieto"}]},{"@type":"WebSite","@id":"https:\/\/freeimprobarcelona.com\/es\/#website","url":"https:\/\/freeimprobarcelona.com\/es\/","name":"Free Impro Barcelona","description":"Free Impro Barcelona","potentialAction":[{"@type":"SearchAction","target":{"@type":"EntryPoint","urlTemplate":"https:\/\/freeimprobarcelona.com\/es\/?s={search_term_string}"},"query-input":"required name=search_term_string"}],"inLanguage":"es"}]}},"_links":{"self":[{"href":"https:\/\/freeimprobarcelona.com\/es\/wp-json\/wp\/v2\/mec-events\/3229","targetHints":{"allow":["GET"]}}],"collection":[{"href":"https:\/\/freeimprobarcelona.com\/es\/wp-json\/wp\/v2\/mec-events"}],"about":[{"href":"https:\/\/freeimprobarcelona.com\/es\/wp-json\/wp\/v2\/types\/mec-events"}],"author":[{"embeddable":true,"href":"https:\/\/freeimprobarcelona.com\/es\/wp-json\/wp\/v2\/users\/2"}],"wp:featuredmedia":[{"embeddable":true,"href":"https:\/\/freeimprobarcelona.com\/es\/wp-json\/wp\/v2\/media\/3224"}],"wp:attachment":[{"href":"https:\/\/freeimprobarcelona.com\/es\/wp-json\/wp\/v2\/media?parent=3229"}],"wp:term":[{"taxonomy":"post_tag","embeddable":true,"href":"https:\/\/freeimprobarcelona.com\/es\/wp-json\/wp\/v2\/tags?post=3229"},{"taxonomy":"mec_category","embeddable":true,"href":"https:\/\/freeimprobarcelona.com\/es\/wp-json\/wp\/v2\/mec_category?post=3229"},{"taxonomy":"mec_speaker","embeddable":true,"href":"https:\/\/freeimprobarcelona.com\/es\/wp-json\/wp\/v2\/mec_speaker?post=3229"}],"curies":[{"name":"wp","href":"https:\/\/api.w.org\/{rel}","templated":true}]}}