{"id":2656,"date":"2022-10-23T17:49:37","date_gmt":"2022-10-23T17:49:37","guid":{"rendered":"https:\/\/freeimprobarcelona.com\/calendar\/lem-concert-de-clausura-macromassa\/"},"modified":"2022-10-23T17:55:51","modified_gmt":"2022-10-23T17:55:51","slug":"lem-concert-de-clausura-macromassa","status":"publish","type":"mec-events","link":"https:\/\/freeimprobarcelona.com\/es\/calendar\/lem-concert-de-clausura-macromassa\/","title":{"rendered":"LEM &#8211; CONCIERTO DE CLAUSURA &#8211; : MACROMASSA."},"content":{"rendered":"<p>En 2020, tras la muerte de V\u00edctor Nubla, Macromassa dej\u00f3 de funcionar, esperando publicar su \u00faltimo trabajo de estudio No Soy Tiempo. Nubla\u00a0y\u00a0Juan Crek\u00a0fundaron el grupo en\u00a01976\u00a0y desde entonces produjeron una obra\u00a0original, personal e influyente, un universo donde se encuentran la m\u00fasica, el teatro, la performance, el dise\u00f1o, la instalaci\u00f3n, la magia, la literatura, la radio, el happening, el cine\u2026 Eran una conexi\u00f3n extra\u00f1a en nuestro pa\u00eds entre los compositores contempor\u00e1neos, provenientes de la m\u00fasica culta, y la experimentaci\u00f3n popular moderna. Esta multiplicidad de registros les llev\u00f3 a actuar en todo tipo de escenarios. Nada escapa de un universo que definieron como una nebulosa en constante expansi\u00f3n y que acab\u00f3 llam\u00e1ndose Submundo P\u00e9rez.<\/p>\n<p>En 2021 Juan Crek, junto con Tina Valent, reanudaron el proyecto con nuevas actuaciones y la grabaci\u00f3n del disco \u201cTin Rol va a volar\u201d, que se editar\u00e1 pr\u00f3ximamente. Con la contraposici\u00f3n de los conceptos de valor y antivalor, y mezclando\u00a0ruido duro,\u00a0ambiente,\u00a0folclore del Submundo\u00a0y\u00a0t\u00e9cnicas de improvisaci\u00f3n sonora y vocal,\u00a0Valent\u00a0y\u00a0Crek\u00a0 sirvieron varios elementos \u2013percusi\u00f3n, loops, secuenciaciones, generadores de ruido\u2013 atm\u00f3sfera absurda, l\u00fadica y primitiva, que a su vez es reflexiva y se opone a toda autoridad sonora.<\/p>\n","protected":false},"excerpt":{"rendered":"<p>En 2020, tras la muerte de V\u00edctor Nubla, Macromassa dej\u00f3 de funcionar, esperando publicar su \u00faltimo trabajo de estudio No Soy Tiempo. Nubla\u00a0y\u00a0Juan Crek\u00a0fundaron el grupo en\u00a01976\u00a0y desde entonces produjeron una obra\u00a0original, personal e influyente, un universo donde se encuentran la m\u00fasica, el teatro, la performance, el dise\u00f1o, la instalaci\u00f3n, la magia, la literatura, la [&hellip;]<\/p>\n","protected":false},"author":2,"featured_media":2659,"template":"","meta":{"_et_pb_use_builder":"","_et_pb_old_content":"","_et_gb_content_width":""},"tags":[],"mec_category":[1279],"mec_speaker":[1455],"class_list":["post-2656","mec-events","type-mec-events","status-publish","has-post-thumbnail","hentry","mec_category-festival-lem-es"],"yoast_head":"<!-- This site is optimized with the Yoast SEO plugin v19.9 - https:\/\/yoast.com\/wordpress\/plugins\/seo\/ -->\n<title>LEM - CONCIERTO DE CLAUSURA - : MACROMASSA. - Free Impro Barcelona<\/title>\n<meta name=\"robots\" content=\"index, follow, max-snippet:-1, max-image-preview:large, max-video-preview:-1\" \/>\n<link rel=\"canonical\" href=\"https:\/\/freeimprobarcelona.com\/es\/calendar\/lem-concert-de-clausura-macromassa\/\" \/>\n<meta property=\"og:locale\" content=\"es_ES\" \/>\n<meta property=\"og:type\" content=\"article\" \/>\n<meta property=\"og:title\" content=\"LEM - CONCIERTO DE CLAUSURA - : MACROMASSA. - Free Impro Barcelona\" \/>\n<meta property=\"og:description\" content=\"En 2020, tras la muerte de V\u00edctor Nubla, Macromassa dej\u00f3 de funcionar, esperando publicar su \u00faltimo trabajo de estudio No Soy Tiempo. Nubla\u00a0y\u00a0Juan Crek\u00a0fundaron el grupo en\u00a01976\u00a0y desde entonces produjeron una obra\u00a0original, personal e influyente, un universo donde se encuentran la m\u00fasica, el teatro, la performance, el dise\u00f1o, la instalaci\u00f3n, la magia, la literatura, la [&hellip;]\" \/>\n<meta property=\"og:url\" content=\"https:\/\/freeimprobarcelona.com\/es\/calendar\/lem-concert-de-clausura-macromassa\/\" \/>\n<meta property=\"og:site_name\" content=\"Free Impro Barcelona\" \/>\n<meta property=\"article:modified_time\" content=\"2022-10-23T17:55:51+00:00\" \/>\n<meta property=\"og:image\" content=\"https:\/\/freeimprobarcelona.com\/wp-content\/uploads\/2022\/10\/16-macromassa-lem-2022.png\" \/>\n\t<meta property=\"og:image:width\" content=\"1044\" \/>\n\t<meta property=\"og:image:height\" content=\"679\" \/>\n\t<meta property=\"og:image:type\" content=\"image\/png\" \/>\n<meta name=\"twitter:card\" content=\"summary_large_image\" \/>\n<meta name=\"twitter:label1\" content=\"Tiempo de lectura\" \/>\n\t<meta name=\"twitter:data1\" content=\"1 minuto\" \/>\n<script type=\"application\/ld+json\" class=\"yoast-schema-graph\">{\"@context\":\"https:\/\/schema.org\",\"@graph\":[{\"@type\":\"WebPage\",\"@id\":\"https:\/\/freeimprobarcelona.com\/es\/calendar\/lem-concert-de-clausura-macromassa\/\",\"url\":\"https:\/\/freeimprobarcelona.com\/es\/calendar\/lem-concert-de-clausura-macromassa\/\",\"name\":\"LEM - CONCIERTO DE CLAUSURA - : MACROMASSA. - Free Impro Barcelona\",\"isPartOf\":{\"@id\":\"https:\/\/freeimprobarcelona.com\/es\/#website\"},\"datePublished\":\"2022-10-23T17:49:37+00:00\",\"dateModified\":\"2022-10-23T17:55:51+00:00\",\"breadcrumb\":{\"@id\":\"https:\/\/freeimprobarcelona.com\/es\/calendar\/lem-concert-de-clausura-macromassa\/#breadcrumb\"},\"inLanguage\":\"es\",\"potentialAction\":[{\"@type\":\"ReadAction\",\"target\":[\"https:\/\/freeimprobarcelona.com\/es\/calendar\/lem-concert-de-clausura-macromassa\/\"]}]},{\"@type\":\"BreadcrumbList\",\"@id\":\"https:\/\/freeimprobarcelona.com\/es\/calendar\/lem-concert-de-clausura-macromassa\/#breadcrumb\",\"itemListElement\":[{\"@type\":\"ListItem\",\"position\":1,\"name\":\"Inicio\",\"item\":\"https:\/\/freeimprobarcelona.com\/es\/\"},{\"@type\":\"ListItem\",\"position\":2,\"name\":\"Eventos\",\"item\":\"https:\/\/freeimprobarcelona.com\/es\/calendar\/\"},{\"@type\":\"ListItem\",\"position\":3,\"name\":\"LEM &#8211; CONCIERTO DE CLAUSURA &#8211; : MACROMASSA.\"}]},{\"@type\":\"WebSite\",\"@id\":\"https:\/\/freeimprobarcelona.com\/es\/#website\",\"url\":\"https:\/\/freeimprobarcelona.com\/es\/\",\"name\":\"Free Impro Barcelona\",\"description\":\"Free Impro Barcelona\",\"potentialAction\":[{\"@type\":\"SearchAction\",\"target\":{\"@type\":\"EntryPoint\",\"urlTemplate\":\"https:\/\/freeimprobarcelona.com\/es\/?s={search_term_string}\"},\"query-input\":\"required name=search_term_string\"}],\"inLanguage\":\"es\"}]}<\/script>\n<!-- \/ Yoast SEO plugin. -->","yoast_head_json":{"title":"LEM - CONCIERTO DE CLAUSURA - : MACROMASSA. - Free Impro Barcelona","robots":{"index":"index","follow":"follow","max-snippet":"max-snippet:-1","max-image-preview":"max-image-preview:large","max-video-preview":"max-video-preview:-1"},"canonical":"https:\/\/freeimprobarcelona.com\/es\/calendar\/lem-concert-de-clausura-macromassa\/","og_locale":"es_ES","og_type":"article","og_title":"LEM - CONCIERTO DE CLAUSURA - : MACROMASSA. - Free Impro Barcelona","og_description":"En 2020, tras la muerte de V\u00edctor Nubla, Macromassa dej\u00f3 de funcionar, esperando publicar su \u00faltimo trabajo de estudio No Soy Tiempo. Nubla\u00a0y\u00a0Juan Crek\u00a0fundaron el grupo en\u00a01976\u00a0y desde entonces produjeron una obra\u00a0original, personal e influyente, un universo donde se encuentran la m\u00fasica, el teatro, la performance, el dise\u00f1o, la instalaci\u00f3n, la magia, la literatura, la [&hellip;]","og_url":"https:\/\/freeimprobarcelona.com\/es\/calendar\/lem-concert-de-clausura-macromassa\/","og_site_name":"Free Impro Barcelona","article_modified_time":"2022-10-23T17:55:51+00:00","og_image":[{"width":1044,"height":679,"url":"https:\/\/freeimprobarcelona.com\/wp-content\/uploads\/2022\/10\/16-macromassa-lem-2022.png","type":"image\/png"}],"twitter_card":"summary_large_image","twitter_misc":{"Tiempo de lectura":"1 minuto"},"schema":{"@context":"https:\/\/schema.org","@graph":[{"@type":"WebPage","@id":"https:\/\/freeimprobarcelona.com\/es\/calendar\/lem-concert-de-clausura-macromassa\/","url":"https:\/\/freeimprobarcelona.com\/es\/calendar\/lem-concert-de-clausura-macromassa\/","name":"LEM - CONCIERTO DE CLAUSURA - : MACROMASSA. - Free Impro Barcelona","isPartOf":{"@id":"https:\/\/freeimprobarcelona.com\/es\/#website"},"datePublished":"2022-10-23T17:49:37+00:00","dateModified":"2022-10-23T17:55:51+00:00","breadcrumb":{"@id":"https:\/\/freeimprobarcelona.com\/es\/calendar\/lem-concert-de-clausura-macromassa\/#breadcrumb"},"inLanguage":"es","potentialAction":[{"@type":"ReadAction","target":["https:\/\/freeimprobarcelona.com\/es\/calendar\/lem-concert-de-clausura-macromassa\/"]}]},{"@type":"BreadcrumbList","@id":"https:\/\/freeimprobarcelona.com\/es\/calendar\/lem-concert-de-clausura-macromassa\/#breadcrumb","itemListElement":[{"@type":"ListItem","position":1,"name":"Inicio","item":"https:\/\/freeimprobarcelona.com\/es\/"},{"@type":"ListItem","position":2,"name":"Eventos","item":"https:\/\/freeimprobarcelona.com\/es\/calendar\/"},{"@type":"ListItem","position":3,"name":"LEM &#8211; CONCIERTO DE CLAUSURA &#8211; : MACROMASSA."}]},{"@type":"WebSite","@id":"https:\/\/freeimprobarcelona.com\/es\/#website","url":"https:\/\/freeimprobarcelona.com\/es\/","name":"Free Impro Barcelona","description":"Free Impro Barcelona","potentialAction":[{"@type":"SearchAction","target":{"@type":"EntryPoint","urlTemplate":"https:\/\/freeimprobarcelona.com\/es\/?s={search_term_string}"},"query-input":"required name=search_term_string"}],"inLanguage":"es"}]}},"_links":{"self":[{"href":"https:\/\/freeimprobarcelona.com\/es\/wp-json\/wp\/v2\/mec-events\/2656","targetHints":{"allow":["GET"]}}],"collection":[{"href":"https:\/\/freeimprobarcelona.com\/es\/wp-json\/wp\/v2\/mec-events"}],"about":[{"href":"https:\/\/freeimprobarcelona.com\/es\/wp-json\/wp\/v2\/types\/mec-events"}],"author":[{"embeddable":true,"href":"https:\/\/freeimprobarcelona.com\/es\/wp-json\/wp\/v2\/users\/2"}],"wp:featuredmedia":[{"embeddable":true,"href":"https:\/\/freeimprobarcelona.com\/es\/wp-json\/wp\/v2\/media\/2659"}],"wp:attachment":[{"href":"https:\/\/freeimprobarcelona.com\/es\/wp-json\/wp\/v2\/media?parent=2656"}],"wp:term":[{"taxonomy":"post_tag","embeddable":true,"href":"https:\/\/freeimprobarcelona.com\/es\/wp-json\/wp\/v2\/tags?post=2656"},{"taxonomy":"mec_category","embeddable":true,"href":"https:\/\/freeimprobarcelona.com\/es\/wp-json\/wp\/v2\/mec_category?post=2656"},{"taxonomy":"mec_speaker","embeddable":true,"href":"https:\/\/freeimprobarcelona.com\/es\/wp-json\/wp\/v2\/mec_speaker?post=2656"}],"curies":[{"name":"wp","href":"https:\/\/api.w.org\/{rel}","templated":true}]}}