{"id":2512,"date":"2022-10-11T09:14:36","date_gmt":"2022-10-11T09:14:36","guid":{"rendered":"https:\/\/freeimprobarcelona.com\/calendar\/musiques-al-carrer-hortes-sings-of-freedom\/"},"modified":"2022-10-11T09:19:19","modified_gmt":"2022-10-11T09:19:19","slug":"musiques-al-carrer-hortes-sings-of-freedom","status":"publish","type":"mec-events","link":"https:\/\/freeimprobarcelona.com\/es\/calendar\/musiques-al-carrer-hortes-sings-of-freedom\/","title":{"rendered":"M\u00fasiques al carrer Hortes: Sings Of Freedom"},"content":{"rendered":"<p>Nueva entrega de M\u00fasicas en la Calle Hortes. Esta vez el Ensemble SINGS OF FREEDOM.<\/p>\n<p>Jordi Pallar\u00e8s\u00a0 Percusi\u00f3n y Electr\u00f3nica<br \/>\nAmidea Clotet\u00a0 \u00a0 Guitarra El\u00e9ctrica<br \/>\nJavi Garrabella\u00a0 \u00a0 Bajo El\u00e9ctrico<br \/>\nV\u00edctor Colomer\u00a0 \u00a0Trombo<br \/>\nAngie flauta<br \/>\nRaimon Mol\u00e0\u00a0 \u00a0piano<br \/>\nMarcelio Bayer\u00a0 Saxo<br \/>\nJonas\u00a0 \u00a0(no lo tenemos muy claro)<br \/>\nClara Torner\u00a0 Cello<\/p>\n<p>Iv\u00e1n Gonz\u00e1lez\u00a0 Conductor<\/p>\n<p>C\/ de las Huertas 5, Poble Sec<\/p>\n","protected":false},"excerpt":{"rendered":"<p>Nueva entrega de M\u00fasicas en la Calle Hortes. Esta vez el Ensemble SINGS OF FREEDOM. Jordi Pallar\u00e8s\u00a0 Percusi\u00f3n y Electr\u00f3nica Amidea Clotet\u00a0 \u00a0 Guitarra El\u00e9ctrica Javi Garrabella\u00a0 \u00a0 Bajo El\u00e9ctrico V\u00edctor Colomer\u00a0 \u00a0Trombo Angie flauta Raimon Mol\u00e0\u00a0 \u00a0piano Marcelio Bayer\u00a0 Saxo Jonas\u00a0 \u00a0(no lo tenemos muy claro) Clara Torner\u00a0 Cello Iv\u00e1n Gonz\u00e1lez\u00a0 Conductor C\/ de [&hellip;]<\/p>\n","protected":false},"author":2,"featured_media":2510,"template":"","meta":{"_et_pb_use_builder":"","_et_pb_old_content":"","_et_gb_content_width":""},"tags":[],"mec_category":[387],"mec_speaker":[189,733,363,506,390,406,777,373],"class_list":["post-2512","mec-events","type-mec-events","status-publish","has-post-thumbnail","hentry","mec_category-cicle-la-base-es"],"yoast_head":"<!-- This site is optimized with the Yoast SEO plugin v19.9 - https:\/\/yoast.com\/wordpress\/plugins\/seo\/ -->\n<title>M\u00fasiques al carrer Hortes: Sings Of Freedom - Free Impro Barcelona<\/title>\n<meta name=\"robots\" content=\"index, follow, max-snippet:-1, max-image-preview:large, max-video-preview:-1\" \/>\n<link rel=\"canonical\" href=\"https:\/\/freeimprobarcelona.com\/es\/calendar\/musiques-al-carrer-hortes-sings-of-freedom\/\" \/>\n<meta property=\"og:locale\" content=\"es_ES\" \/>\n<meta property=\"og:type\" content=\"article\" \/>\n<meta property=\"og:title\" content=\"M\u00fasiques al carrer Hortes: Sings Of Freedom - Free Impro Barcelona\" \/>\n<meta property=\"og:description\" content=\"Nueva entrega de M\u00fasicas en la Calle Hortes. Esta vez el Ensemble SINGS OF FREEDOM. Jordi Pallar\u00e8s\u00a0 Percusi\u00f3n y Electr\u00f3nica Amidea Clotet\u00a0 \u00a0 Guitarra El\u00e9ctrica Javi Garrabella\u00a0 \u00a0 Bajo El\u00e9ctrico V\u00edctor Colomer\u00a0 \u00a0Trombo Angie flauta Raimon Mol\u00e0\u00a0 \u00a0piano Marcelio Bayer\u00a0 Saxo Jonas\u00a0 \u00a0(no lo tenemos muy claro) Clara Torner\u00a0 Cello Iv\u00e1n Gonz\u00e1lez\u00a0 Conductor C\/ de [&hellip;]\" \/>\n<meta property=\"og:url\" content=\"https:\/\/freeimprobarcelona.com\/es\/calendar\/musiques-al-carrer-hortes-sings-of-freedom\/\" \/>\n<meta property=\"og:site_name\" content=\"Free Impro Barcelona\" \/>\n<meta property=\"article:modified_time\" content=\"2022-10-11T09:19:19+00:00\" \/>\n<meta property=\"og:image\" content=\"https:\/\/freeimprobarcelona.com\/wp-content\/uploads\/2022\/10\/WhatsApp-Image-2022-10-11-at-10.40.02.jpeg\" \/>\n\t<meta property=\"og:image:width\" content=\"452\" \/>\n\t<meta property=\"og:image:height\" content=\"640\" \/>\n\t<meta property=\"og:image:type\" content=\"image\/jpeg\" \/>\n<meta name=\"twitter:card\" content=\"summary_large_image\" \/>\n<script type=\"application\/ld+json\" class=\"yoast-schema-graph\">{\"@context\":\"https:\/\/schema.org\",\"@graph\":[{\"@type\":\"WebPage\",\"@id\":\"https:\/\/freeimprobarcelona.com\/es\/calendar\/musiques-al-carrer-hortes-sings-of-freedom\/\",\"url\":\"https:\/\/freeimprobarcelona.com\/es\/calendar\/musiques-al-carrer-hortes-sings-of-freedom\/\",\"name\":\"M\u00fasiques al carrer Hortes: Sings Of Freedom - Free Impro Barcelona\",\"isPartOf\":{\"@id\":\"https:\/\/freeimprobarcelona.com\/es\/#website\"},\"datePublished\":\"2022-10-11T09:14:36+00:00\",\"dateModified\":\"2022-10-11T09:19:19+00:00\",\"breadcrumb\":{\"@id\":\"https:\/\/freeimprobarcelona.com\/es\/calendar\/musiques-al-carrer-hortes-sings-of-freedom\/#breadcrumb\"},\"inLanguage\":\"es\",\"potentialAction\":[{\"@type\":\"ReadAction\",\"target\":[\"https:\/\/freeimprobarcelona.com\/es\/calendar\/musiques-al-carrer-hortes-sings-of-freedom\/\"]}]},{\"@type\":\"BreadcrumbList\",\"@id\":\"https:\/\/freeimprobarcelona.com\/es\/calendar\/musiques-al-carrer-hortes-sings-of-freedom\/#breadcrumb\",\"itemListElement\":[{\"@type\":\"ListItem\",\"position\":1,\"name\":\"Inicio\",\"item\":\"https:\/\/freeimprobarcelona.com\/es\/\"},{\"@type\":\"ListItem\",\"position\":2,\"name\":\"Eventos\",\"item\":\"https:\/\/freeimprobarcelona.com\/es\/calendar\/\"},{\"@type\":\"ListItem\",\"position\":3,\"name\":\"M\u00fasiques al carrer Hortes: Sings Of Freedom\"}]},{\"@type\":\"WebSite\",\"@id\":\"https:\/\/freeimprobarcelona.com\/es\/#website\",\"url\":\"https:\/\/freeimprobarcelona.com\/es\/\",\"name\":\"Free Impro Barcelona\",\"description\":\"Free Impro Barcelona\",\"potentialAction\":[{\"@type\":\"SearchAction\",\"target\":{\"@type\":\"EntryPoint\",\"urlTemplate\":\"https:\/\/freeimprobarcelona.com\/es\/?s={search_term_string}\"},\"query-input\":\"required name=search_term_string\"}],\"inLanguage\":\"es\"}]}<\/script>\n<!-- \/ Yoast SEO plugin. -->","yoast_head_json":{"title":"M\u00fasiques al carrer Hortes: Sings Of Freedom - Free Impro Barcelona","robots":{"index":"index","follow":"follow","max-snippet":"max-snippet:-1","max-image-preview":"max-image-preview:large","max-video-preview":"max-video-preview:-1"},"canonical":"https:\/\/freeimprobarcelona.com\/es\/calendar\/musiques-al-carrer-hortes-sings-of-freedom\/","og_locale":"es_ES","og_type":"article","og_title":"M\u00fasiques al carrer Hortes: Sings Of Freedom - Free Impro Barcelona","og_description":"Nueva entrega de M\u00fasicas en la Calle Hortes. Esta vez el Ensemble SINGS OF FREEDOM. Jordi Pallar\u00e8s\u00a0 Percusi\u00f3n y Electr\u00f3nica Amidea Clotet\u00a0 \u00a0 Guitarra El\u00e9ctrica Javi Garrabella\u00a0 \u00a0 Bajo El\u00e9ctrico V\u00edctor Colomer\u00a0 \u00a0Trombo Angie flauta Raimon Mol\u00e0\u00a0 \u00a0piano Marcelio Bayer\u00a0 Saxo Jonas\u00a0 \u00a0(no lo tenemos muy claro) Clara Torner\u00a0 Cello Iv\u00e1n Gonz\u00e1lez\u00a0 Conductor C\/ de [&hellip;]","og_url":"https:\/\/freeimprobarcelona.com\/es\/calendar\/musiques-al-carrer-hortes-sings-of-freedom\/","og_site_name":"Free Impro Barcelona","article_modified_time":"2022-10-11T09:19:19+00:00","og_image":[{"width":452,"height":640,"url":"https:\/\/freeimprobarcelona.com\/wp-content\/uploads\/2022\/10\/WhatsApp-Image-2022-10-11-at-10.40.02.jpeg","type":"image\/jpeg"}],"twitter_card":"summary_large_image","schema":{"@context":"https:\/\/schema.org","@graph":[{"@type":"WebPage","@id":"https:\/\/freeimprobarcelona.com\/es\/calendar\/musiques-al-carrer-hortes-sings-of-freedom\/","url":"https:\/\/freeimprobarcelona.com\/es\/calendar\/musiques-al-carrer-hortes-sings-of-freedom\/","name":"M\u00fasiques al carrer Hortes: Sings Of Freedom - Free Impro Barcelona","isPartOf":{"@id":"https:\/\/freeimprobarcelona.com\/es\/#website"},"datePublished":"2022-10-11T09:14:36+00:00","dateModified":"2022-10-11T09:19:19+00:00","breadcrumb":{"@id":"https:\/\/freeimprobarcelona.com\/es\/calendar\/musiques-al-carrer-hortes-sings-of-freedom\/#breadcrumb"},"inLanguage":"es","potentialAction":[{"@type":"ReadAction","target":["https:\/\/freeimprobarcelona.com\/es\/calendar\/musiques-al-carrer-hortes-sings-of-freedom\/"]}]},{"@type":"BreadcrumbList","@id":"https:\/\/freeimprobarcelona.com\/es\/calendar\/musiques-al-carrer-hortes-sings-of-freedom\/#breadcrumb","itemListElement":[{"@type":"ListItem","position":1,"name":"Inicio","item":"https:\/\/freeimprobarcelona.com\/es\/"},{"@type":"ListItem","position":2,"name":"Eventos","item":"https:\/\/freeimprobarcelona.com\/es\/calendar\/"},{"@type":"ListItem","position":3,"name":"M\u00fasiques al carrer Hortes: Sings Of Freedom"}]},{"@type":"WebSite","@id":"https:\/\/freeimprobarcelona.com\/es\/#website","url":"https:\/\/freeimprobarcelona.com\/es\/","name":"Free Impro Barcelona","description":"Free Impro Barcelona","potentialAction":[{"@type":"SearchAction","target":{"@type":"EntryPoint","urlTemplate":"https:\/\/freeimprobarcelona.com\/es\/?s={search_term_string}"},"query-input":"required name=search_term_string"}],"inLanguage":"es"}]}},"_links":{"self":[{"href":"https:\/\/freeimprobarcelona.com\/es\/wp-json\/wp\/v2\/mec-events\/2512","targetHints":{"allow":["GET"]}}],"collection":[{"href":"https:\/\/freeimprobarcelona.com\/es\/wp-json\/wp\/v2\/mec-events"}],"about":[{"href":"https:\/\/freeimprobarcelona.com\/es\/wp-json\/wp\/v2\/types\/mec-events"}],"author":[{"embeddable":true,"href":"https:\/\/freeimprobarcelona.com\/es\/wp-json\/wp\/v2\/users\/2"}],"wp:featuredmedia":[{"embeddable":true,"href":"https:\/\/freeimprobarcelona.com\/es\/wp-json\/wp\/v2\/media\/2510"}],"wp:attachment":[{"href":"https:\/\/freeimprobarcelona.com\/es\/wp-json\/wp\/v2\/media?parent=2512"}],"wp:term":[{"taxonomy":"post_tag","embeddable":true,"href":"https:\/\/freeimprobarcelona.com\/es\/wp-json\/wp\/v2\/tags?post=2512"},{"taxonomy":"mec_category","embeddable":true,"href":"https:\/\/freeimprobarcelona.com\/es\/wp-json\/wp\/v2\/mec_category?post=2512"},{"taxonomy":"mec_speaker","embeddable":true,"href":"https:\/\/freeimprobarcelona.com\/es\/wp-json\/wp\/v2\/mec_speaker?post=2512"}],"curies":[{"name":"wp","href":"https:\/\/api.w.org\/{rel}","templated":true}]}}