{"id":2488,"date":"2022-10-10T10:04:48","date_gmt":"2022-10-10T10:04:48","guid":{"rendered":"https:\/\/freeimprobarcelona.com\/calendar\/lem-radio-internazionale\/"},"modified":"2022-10-10T10:10:15","modified_gmt":"2022-10-10T10:10:15","slug":"lem-radio-internazionale","status":"publish","type":"mec-events","link":"https:\/\/freeimprobarcelona.com\/es\/calendar\/lem-radio-internazionale\/","title":{"rendered":"LEM :  RADIO INTERNAZIONALE"},"content":{"rendered":"<p id=\"tw-target-text\" class=\"tw-data-text tw-text-large tw-ta\" dir=\"ltr\" data-placeholder=\"Traducci\u00f3n\"><span class=\"Y2IQFc\" lang=\"es\">Radio Internazionale\u00a0es un colectivo fundado durante la primera mitad de los a\u00f1os noventa. Su concepto se basa en la idea de la\u00a0nostalgia\u00a0del arte sonoro epistolar, inspirado en el ruido de fondo distante de las cartas de la audiencia, grotescas y llenas de nostalgia por el mundo oscuro de las novelas del siglo XIX. Program\u00e1ticamente, la radio hace referencia, en su aspecto visual y sonoro, a la t\u00e9cnica del cut-up, con un papel relevante texto, que lo estructura todo.<\/span><\/p>\n<p class=\"tw-data-text tw-text-large tw-ta\" dir=\"ltr\" data-placeholder=\"Traducci\u00f3n\"><span class=\"Y2IQFc\" lang=\"es\"> La disposici\u00f3n de los sonidos se construye con artefactos encontrados y que se originan en varios per\u00edodos, y formalmente entra en la tradici\u00f3n de la composici\u00f3n aleatoria. Los ruidos del futurismo cl\u00e1sico se mezclan con una necesidad patol\u00f3gica y desesperada para escribir, a trav\u00e9s de collages de sonidos cotidianos con un pathos autoconsciente de voces, im\u00e1genes encontradas y poes\u00eda concreta con una forma extensiva pero perversamente exagerada. La invenci\u00f3n y la combinaci\u00f3n de t\u00e9cnicas permite que el m\u00fasico conozca al pintor y que el pintor conozca al poeta. <\/span><\/p>\n<p class=\"tw-data-text tw-text-large tw-ta\" dir=\"ltr\" data-placeholder=\"Traducci\u00f3n\"><span class=\"Y2IQFc\" lang=\"es\">Lo que queda es\u00a0poes\u00eda en v\u00eddeo llena de cinismo, un pastiche de s\u00ed misma, donde la rima y el ritmo, la repetici\u00f3n y la casualidad, crean un nuevo contexto para la \u201cdisoluci\u00f3n del sentido.\u201d <\/span><\/p>\n<p class=\"tw-data-text tw-text-large tw-ta\" dir=\"ltr\" data-placeholder=\"Traducci\u00f3n\"><span class=\"Y2IQFc\" lang=\"es\">En la sede del GTS entradas a: <a href=\"https:\/\/entradium.com\/es\/events\/radio-internazionale\">https:\/\/entradium.com\/es\/events\/radio-internazionale<\/a><\/span><\/p>\n","protected":false},"excerpt":{"rendered":"<p>Radio Internazionale\u00a0es un colectivo fundado durante la primera mitad de los a\u00f1os noventa. Su concepto se basa en la idea de la\u00a0nostalgia\u00a0del arte sonoro epistolar, inspirado en el ruido de fondo distante de las cartas de la audiencia, grotescas y llenas de nostalgia por el mundo oscuro de las novelas del siglo XIX. Program\u00e1ticamente, la [&hellip;]<\/p>\n","protected":false},"author":2,"featured_media":2486,"template":"","meta":{"_et_pb_use_builder":"","_et_pb_old_content":"","_et_gb_content_width":""},"tags":[],"mec_category":[1279],"mec_speaker":[1363],"class_list":["post-2488","mec-events","type-mec-events","status-publish","has-post-thumbnail","hentry","mec_category-festival-lem-es"],"yoast_head":"<!-- This site is optimized with the Yoast SEO plugin v19.9 - https:\/\/yoast.com\/wordpress\/plugins\/seo\/ -->\n<title>LEM : RADIO INTERNAZIONALE - Free Impro Barcelona<\/title>\n<meta name=\"robots\" content=\"index, follow, max-snippet:-1, max-image-preview:large, max-video-preview:-1\" \/>\n<link rel=\"canonical\" href=\"https:\/\/freeimprobarcelona.com\/es\/calendar\/lem-radio-internazionale\/\" \/>\n<meta property=\"og:locale\" content=\"es_ES\" \/>\n<meta property=\"og:type\" content=\"article\" \/>\n<meta property=\"og:title\" content=\"LEM : RADIO INTERNAZIONALE - Free Impro Barcelona\" \/>\n<meta property=\"og:description\" content=\"Radio Internazionale\u00a0es un colectivo fundado durante la primera mitad de los a\u00f1os noventa. Su concepto se basa en la idea de la\u00a0nostalgia\u00a0del arte sonoro epistolar, inspirado en el ruido de fondo distante de las cartas de la audiencia, grotescas y llenas de nostalgia por el mundo oscuro de las novelas del siglo XIX. Program\u00e1ticamente, la [&hellip;]\" \/>\n<meta property=\"og:url\" content=\"https:\/\/freeimprobarcelona.com\/es\/calendar\/lem-radio-internazionale\/\" \/>\n<meta property=\"og:site_name\" content=\"Free Impro Barcelona\" \/>\n<meta property=\"article:modified_time\" content=\"2022-10-10T10:10:15+00:00\" \/>\n<meta property=\"og:image\" content=\"https:\/\/freeimprobarcelona.com\/wp-content\/uploads\/2022\/10\/radio-internazionale-signal.noise-2022.webp\" \/>\n\t<meta property=\"og:image:width\" content=\"1024\" \/>\n\t<meta property=\"og:image:height\" content=\"576\" \/>\n\t<meta property=\"og:image:type\" content=\"image\/webp\" \/>\n<meta name=\"twitter:card\" content=\"summary_large_image\" \/>\n<meta name=\"twitter:label1\" content=\"Tiempo de lectura\" \/>\n\t<meta name=\"twitter:data1\" content=\"1 minuto\" \/>\n<script type=\"application\/ld+json\" class=\"yoast-schema-graph\">{\"@context\":\"https:\/\/schema.org\",\"@graph\":[{\"@type\":\"WebPage\",\"@id\":\"https:\/\/freeimprobarcelona.com\/es\/calendar\/lem-radio-internazionale\/\",\"url\":\"https:\/\/freeimprobarcelona.com\/es\/calendar\/lem-radio-internazionale\/\",\"name\":\"LEM : RADIO INTERNAZIONALE - Free Impro Barcelona\",\"isPartOf\":{\"@id\":\"https:\/\/freeimprobarcelona.com\/es\/#website\"},\"datePublished\":\"2022-10-10T10:04:48+00:00\",\"dateModified\":\"2022-10-10T10:10:15+00:00\",\"breadcrumb\":{\"@id\":\"https:\/\/freeimprobarcelona.com\/es\/calendar\/lem-radio-internazionale\/#breadcrumb\"},\"inLanguage\":\"es\",\"potentialAction\":[{\"@type\":\"ReadAction\",\"target\":[\"https:\/\/freeimprobarcelona.com\/es\/calendar\/lem-radio-internazionale\/\"]}]},{\"@type\":\"BreadcrumbList\",\"@id\":\"https:\/\/freeimprobarcelona.com\/es\/calendar\/lem-radio-internazionale\/#breadcrumb\",\"itemListElement\":[{\"@type\":\"ListItem\",\"position\":1,\"name\":\"Inicio\",\"item\":\"https:\/\/freeimprobarcelona.com\/es\/\"},{\"@type\":\"ListItem\",\"position\":2,\"name\":\"Eventos\",\"item\":\"https:\/\/freeimprobarcelona.com\/es\/calendar\/\"},{\"@type\":\"ListItem\",\"position\":3,\"name\":\"LEM : RADIO INTERNAZIONALE\"}]},{\"@type\":\"WebSite\",\"@id\":\"https:\/\/freeimprobarcelona.com\/es\/#website\",\"url\":\"https:\/\/freeimprobarcelona.com\/es\/\",\"name\":\"Free Impro Barcelona\",\"description\":\"Free Impro Barcelona\",\"potentialAction\":[{\"@type\":\"SearchAction\",\"target\":{\"@type\":\"EntryPoint\",\"urlTemplate\":\"https:\/\/freeimprobarcelona.com\/es\/?s={search_term_string}\"},\"query-input\":\"required name=search_term_string\"}],\"inLanguage\":\"es\"}]}<\/script>\n<!-- \/ Yoast SEO plugin. -->","yoast_head_json":{"title":"LEM : RADIO INTERNAZIONALE - Free Impro Barcelona","robots":{"index":"index","follow":"follow","max-snippet":"max-snippet:-1","max-image-preview":"max-image-preview:large","max-video-preview":"max-video-preview:-1"},"canonical":"https:\/\/freeimprobarcelona.com\/es\/calendar\/lem-radio-internazionale\/","og_locale":"es_ES","og_type":"article","og_title":"LEM : RADIO INTERNAZIONALE - Free Impro Barcelona","og_description":"Radio Internazionale\u00a0es un colectivo fundado durante la primera mitad de los a\u00f1os noventa. Su concepto se basa en la idea de la\u00a0nostalgia\u00a0del arte sonoro epistolar, inspirado en el ruido de fondo distante de las cartas de la audiencia, grotescas y llenas de nostalgia por el mundo oscuro de las novelas del siglo XIX. Program\u00e1ticamente, la [&hellip;]","og_url":"https:\/\/freeimprobarcelona.com\/es\/calendar\/lem-radio-internazionale\/","og_site_name":"Free Impro Barcelona","article_modified_time":"2022-10-10T10:10:15+00:00","og_image":[{"width":1024,"height":576,"url":"https:\/\/freeimprobarcelona.com\/wp-content\/uploads\/2022\/10\/radio-internazionale-signal.noise-2022.webp","type":"image\/webp"}],"twitter_card":"summary_large_image","twitter_misc":{"Tiempo de lectura":"1 minuto"},"schema":{"@context":"https:\/\/schema.org","@graph":[{"@type":"WebPage","@id":"https:\/\/freeimprobarcelona.com\/es\/calendar\/lem-radio-internazionale\/","url":"https:\/\/freeimprobarcelona.com\/es\/calendar\/lem-radio-internazionale\/","name":"LEM : RADIO INTERNAZIONALE - Free Impro Barcelona","isPartOf":{"@id":"https:\/\/freeimprobarcelona.com\/es\/#website"},"datePublished":"2022-10-10T10:04:48+00:00","dateModified":"2022-10-10T10:10:15+00:00","breadcrumb":{"@id":"https:\/\/freeimprobarcelona.com\/es\/calendar\/lem-radio-internazionale\/#breadcrumb"},"inLanguage":"es","potentialAction":[{"@type":"ReadAction","target":["https:\/\/freeimprobarcelona.com\/es\/calendar\/lem-radio-internazionale\/"]}]},{"@type":"BreadcrumbList","@id":"https:\/\/freeimprobarcelona.com\/es\/calendar\/lem-radio-internazionale\/#breadcrumb","itemListElement":[{"@type":"ListItem","position":1,"name":"Inicio","item":"https:\/\/freeimprobarcelona.com\/es\/"},{"@type":"ListItem","position":2,"name":"Eventos","item":"https:\/\/freeimprobarcelona.com\/es\/calendar\/"},{"@type":"ListItem","position":3,"name":"LEM : RADIO INTERNAZIONALE"}]},{"@type":"WebSite","@id":"https:\/\/freeimprobarcelona.com\/es\/#website","url":"https:\/\/freeimprobarcelona.com\/es\/","name":"Free Impro Barcelona","description":"Free Impro Barcelona","potentialAction":[{"@type":"SearchAction","target":{"@type":"EntryPoint","urlTemplate":"https:\/\/freeimprobarcelona.com\/es\/?s={search_term_string}"},"query-input":"required name=search_term_string"}],"inLanguage":"es"}]}},"_links":{"self":[{"href":"https:\/\/freeimprobarcelona.com\/es\/wp-json\/wp\/v2\/mec-events\/2488","targetHints":{"allow":["GET"]}}],"collection":[{"href":"https:\/\/freeimprobarcelona.com\/es\/wp-json\/wp\/v2\/mec-events"}],"about":[{"href":"https:\/\/freeimprobarcelona.com\/es\/wp-json\/wp\/v2\/types\/mec-events"}],"author":[{"embeddable":true,"href":"https:\/\/freeimprobarcelona.com\/es\/wp-json\/wp\/v2\/users\/2"}],"wp:featuredmedia":[{"embeddable":true,"href":"https:\/\/freeimprobarcelona.com\/es\/wp-json\/wp\/v2\/media\/2486"}],"wp:attachment":[{"href":"https:\/\/freeimprobarcelona.com\/es\/wp-json\/wp\/v2\/media?parent=2488"}],"wp:term":[{"taxonomy":"post_tag","embeddable":true,"href":"https:\/\/freeimprobarcelona.com\/es\/wp-json\/wp\/v2\/tags?post=2488"},{"taxonomy":"mec_category","embeddable":true,"href":"https:\/\/freeimprobarcelona.com\/es\/wp-json\/wp\/v2\/mec_category?post=2488"},{"taxonomy":"mec_speaker","embeddable":true,"href":"https:\/\/freeimprobarcelona.com\/es\/wp-json\/wp\/v2\/mec_speaker?post=2488"}],"curies":[{"name":"wp","href":"https:\/\/api.w.org\/{rel}","templated":true}]}}