{"id":3866,"date":"2023-05-07T09:33:46","date_gmt":"2023-05-07T09:33:46","guid":{"rendered":"https:\/\/freeimprobarcelona.com\/?post_type=mec-events&#038;p=3866"},"modified":"2023-05-07T09:34:23","modified_gmt":"2023-05-07T09:34:23","slug":"nits-de-musica-al-carrer-hortes-platxeries-musicals-a-la-base-va-per-tu-marianne","status":"publish","type":"mec-events","link":"https:\/\/freeimprobarcelona.com\/en\/calendar\/nits-de-musica-al-carrer-hortes-platxeries-musicals-a-la-base-va-per-tu-marianne\/","title":{"rendered":"Nits de M\u00fasica al Carrer Hortes. Platx\u00e8ries musicals a la Base &#8211; Va per tu Marianne!"},"content":{"rendered":"<p>In honor of Marianne and so that the culture does not stop, we meet at the Base like every Tuesday to be able to witness the ensemble led by Iv\u00e1n Gonz\u00e1lez: Sings of Freedom.<\/p>\n<p>7:30 p.m<\/p>\n<p>Iv\u00e1n Gonz\u00e1lez conductor\/\/ Amidea electric guitar\/\/ Raimon Mol\u00e0 keyboards\/\/ Victor Colomer Trombone\/\/ Vicent P\u00e9rez Trombone\/\/ Angie Obin flute\/\/ \u00c1ngel Faraldo No in-putmixer\/\/ Tom Chant sax<\/p>\n","protected":false},"excerpt":{"rendered":"<p>In honor of Marianne and so that the culture does not stop, we meet at the Base like every Tuesday to be able to witness the ensemble led by Iv\u00e1n Gonz\u00e1lez: Sings of Freedom. 7:30 p.m Iv\u00e1n Gonz\u00e1lez conductor\/\/ Amidea electric guitar\/\/ Raimon Mol\u00e0 keyboards\/\/ Victor Colomer Trombone\/\/ Vicent P\u00e9rez Trombone\/\/ Angie Obin flute\/\/ \u00c1ngel [&hellip;]<\/p>\n","protected":false},"author":2,"featured_media":3864,"template":"","meta":{"_et_pb_use_builder":"","_et_pb_old_content":"","_et_gb_content_width":""},"tags":[],"mec_category":[383],"mec_speaker":[184,802,1915,362,776,323,530,367],"class_list":["post-3866","mec-events","type-mec-events","status-publish","has-post-thumbnail","hentry","mec_category-cicle-la-base-en"],"yoast_head":"<!-- This site is optimized with the Yoast SEO plugin v19.9 - https:\/\/yoast.com\/wordpress\/plugins\/seo\/ -->\n<title>Nits de M\u00fasica al Carrer Hortes. Platx\u00e8ries musicals a la Base - Va per tu Marianne! - Free Impro Barcelona<\/title>\n<meta name=\"robots\" content=\"index, follow, max-snippet:-1, max-image-preview:large, max-video-preview:-1\" \/>\n<link rel=\"canonical\" href=\"https:\/\/freeimprobarcelona.com\/en\/calendar\/nits-de-musica-al-carrer-hortes-platxeries-musicals-a-la-base-va-per-tu-marianne\/\" \/>\n<meta property=\"og:locale\" content=\"en_US\" \/>\n<meta property=\"og:type\" content=\"article\" \/>\n<meta property=\"og:title\" content=\"Nits de M\u00fasica al Carrer Hortes. Platx\u00e8ries musicals a la Base - Va per tu Marianne! - Free Impro Barcelona\" \/>\n<meta property=\"og:description\" content=\"In honor of Marianne and so that the culture does not stop, we meet at the Base like every Tuesday to be able to witness the ensemble led by Iv\u00e1n Gonz\u00e1lez: Sings of Freedom. 7:30 p.m Iv\u00e1n Gonz\u00e1lez conductor\/\/ Amidea electric guitar\/\/ Raimon Mol\u00e0 keyboards\/\/ Victor Colomer Trombone\/\/ Vicent P\u00e9rez Trombone\/\/ Angie Obin flute\/\/ \u00c1ngel [&hellip;]\" \/>\n<meta property=\"og:url\" content=\"https:\/\/freeimprobarcelona.com\/en\/calendar\/nits-de-musica-al-carrer-hortes-platxeries-musicals-a-la-base-va-per-tu-marianne\/\" \/>\n<meta property=\"og:site_name\" content=\"Free Impro Barcelona\" \/>\n<meta property=\"article:modified_time\" content=\"2023-05-07T09:34:23+00:00\" \/>\n<meta property=\"og:image\" content=\"https:\/\/freeimprobarcelona.com\/wp-content\/uploads\/2023\/05\/WhatsApp-Image-2023-05-06-at-21.02.27.jpeg\" \/>\n\t<meta property=\"og:image:width\" content=\"707\" \/>\n\t<meta property=\"og:image:height\" content=\"1000\" \/>\n\t<meta property=\"og:image:type\" content=\"image\/jpeg\" \/>\n<meta name=\"twitter:card\" content=\"summary_large_image\" \/>\n<script type=\"application\/ld+json\" class=\"yoast-schema-graph\">{\"@context\":\"https:\/\/schema.org\",\"@graph\":[{\"@type\":\"WebPage\",\"@id\":\"https:\/\/freeimprobarcelona.com\/en\/calendar\/nits-de-musica-al-carrer-hortes-platxeries-musicals-a-la-base-va-per-tu-marianne\/\",\"url\":\"https:\/\/freeimprobarcelona.com\/en\/calendar\/nits-de-musica-al-carrer-hortes-platxeries-musicals-a-la-base-va-per-tu-marianne\/\",\"name\":\"Nits de M\u00fasica al Carrer Hortes. Platx\u00e8ries musicals a la Base - Va per tu Marianne! - Free Impro Barcelona\",\"isPartOf\":{\"@id\":\"https:\/\/freeimprobarcelona.com\/en\/#website\"},\"datePublished\":\"2023-05-07T09:33:46+00:00\",\"dateModified\":\"2023-05-07T09:34:23+00:00\",\"breadcrumb\":{\"@id\":\"https:\/\/freeimprobarcelona.com\/en\/calendar\/nits-de-musica-al-carrer-hortes-platxeries-musicals-a-la-base-va-per-tu-marianne\/#breadcrumb\"},\"inLanguage\":\"en-US\",\"potentialAction\":[{\"@type\":\"ReadAction\",\"target\":[\"https:\/\/freeimprobarcelona.com\/en\/calendar\/nits-de-musica-al-carrer-hortes-platxeries-musicals-a-la-base-va-per-tu-marianne\/\"]}]},{\"@type\":\"BreadcrumbList\",\"@id\":\"https:\/\/freeimprobarcelona.com\/en\/calendar\/nits-de-musica-al-carrer-hortes-platxeries-musicals-a-la-base-va-per-tu-marianne\/#breadcrumb\",\"itemListElement\":[{\"@type\":\"ListItem\",\"position\":1,\"name\":\"Home\",\"item\":\"https:\/\/freeimprobarcelona.com\/en\/\"},{\"@type\":\"ListItem\",\"position\":2,\"name\":\"Events\",\"item\":\"https:\/\/freeimprobarcelona.com\/en\/calendar\/\"},{\"@type\":\"ListItem\",\"position\":3,\"name\":\"Nits de M\u00fasica al Carrer Hortes. Platx\u00e8ries musicals a la Base &#8211; Va per tu Marianne!\"}]},{\"@type\":\"WebSite\",\"@id\":\"https:\/\/freeimprobarcelona.com\/en\/#website\",\"url\":\"https:\/\/freeimprobarcelona.com\/en\/\",\"name\":\"Free Impro Barcelona\",\"description\":\"Free Impro Barcelona\",\"potentialAction\":[{\"@type\":\"SearchAction\",\"target\":{\"@type\":\"EntryPoint\",\"urlTemplate\":\"https:\/\/freeimprobarcelona.com\/en\/?s={search_term_string}\"},\"query-input\":\"required name=search_term_string\"}],\"inLanguage\":\"en-US\"}]}<\/script>\n<!-- \/ Yoast SEO plugin. -->","yoast_head_json":{"title":"Nits de M\u00fasica al Carrer Hortes. Platx\u00e8ries musicals a la Base - Va per tu Marianne! - Free Impro Barcelona","robots":{"index":"index","follow":"follow","max-snippet":"max-snippet:-1","max-image-preview":"max-image-preview:large","max-video-preview":"max-video-preview:-1"},"canonical":"https:\/\/freeimprobarcelona.com\/en\/calendar\/nits-de-musica-al-carrer-hortes-platxeries-musicals-a-la-base-va-per-tu-marianne\/","og_locale":"en_US","og_type":"article","og_title":"Nits de M\u00fasica al Carrer Hortes. Platx\u00e8ries musicals a la Base - Va per tu Marianne! - Free Impro Barcelona","og_description":"In honor of Marianne and so that the culture does not stop, we meet at the Base like every Tuesday to be able to witness the ensemble led by Iv\u00e1n Gonz\u00e1lez: Sings of Freedom. 7:30 p.m Iv\u00e1n Gonz\u00e1lez conductor\/\/ Amidea electric guitar\/\/ Raimon Mol\u00e0 keyboards\/\/ Victor Colomer Trombone\/\/ Vicent P\u00e9rez Trombone\/\/ Angie Obin flute\/\/ \u00c1ngel [&hellip;]","og_url":"https:\/\/freeimprobarcelona.com\/en\/calendar\/nits-de-musica-al-carrer-hortes-platxeries-musicals-a-la-base-va-per-tu-marianne\/","og_site_name":"Free Impro Barcelona","article_modified_time":"2023-05-07T09:34:23+00:00","og_image":[{"width":707,"height":1000,"url":"https:\/\/freeimprobarcelona.com\/wp-content\/uploads\/2023\/05\/WhatsApp-Image-2023-05-06-at-21.02.27.jpeg","type":"image\/jpeg"}],"twitter_card":"summary_large_image","schema":{"@context":"https:\/\/schema.org","@graph":[{"@type":"WebPage","@id":"https:\/\/freeimprobarcelona.com\/en\/calendar\/nits-de-musica-al-carrer-hortes-platxeries-musicals-a-la-base-va-per-tu-marianne\/","url":"https:\/\/freeimprobarcelona.com\/en\/calendar\/nits-de-musica-al-carrer-hortes-platxeries-musicals-a-la-base-va-per-tu-marianne\/","name":"Nits de M\u00fasica al Carrer Hortes. Platx\u00e8ries musicals a la Base - Va per tu Marianne! - Free Impro Barcelona","isPartOf":{"@id":"https:\/\/freeimprobarcelona.com\/en\/#website"},"datePublished":"2023-05-07T09:33:46+00:00","dateModified":"2023-05-07T09:34:23+00:00","breadcrumb":{"@id":"https:\/\/freeimprobarcelona.com\/en\/calendar\/nits-de-musica-al-carrer-hortes-platxeries-musicals-a-la-base-va-per-tu-marianne\/#breadcrumb"},"inLanguage":"en-US","potentialAction":[{"@type":"ReadAction","target":["https:\/\/freeimprobarcelona.com\/en\/calendar\/nits-de-musica-al-carrer-hortes-platxeries-musicals-a-la-base-va-per-tu-marianne\/"]}]},{"@type":"BreadcrumbList","@id":"https:\/\/freeimprobarcelona.com\/en\/calendar\/nits-de-musica-al-carrer-hortes-platxeries-musicals-a-la-base-va-per-tu-marianne\/#breadcrumb","itemListElement":[{"@type":"ListItem","position":1,"name":"Home","item":"https:\/\/freeimprobarcelona.com\/en\/"},{"@type":"ListItem","position":2,"name":"Events","item":"https:\/\/freeimprobarcelona.com\/en\/calendar\/"},{"@type":"ListItem","position":3,"name":"Nits de M\u00fasica al Carrer Hortes. Platx\u00e8ries musicals a la Base &#8211; Va per tu Marianne!"}]},{"@type":"WebSite","@id":"https:\/\/freeimprobarcelona.com\/en\/#website","url":"https:\/\/freeimprobarcelona.com\/en\/","name":"Free Impro Barcelona","description":"Free Impro Barcelona","potentialAction":[{"@type":"SearchAction","target":{"@type":"EntryPoint","urlTemplate":"https:\/\/freeimprobarcelona.com\/en\/?s={search_term_string}"},"query-input":"required name=search_term_string"}],"inLanguage":"en-US"}]}},"_links":{"self":[{"href":"https:\/\/freeimprobarcelona.com\/en\/wp-json\/wp\/v2\/mec-events\/3866","targetHints":{"allow":["GET"]}}],"collection":[{"href":"https:\/\/freeimprobarcelona.com\/en\/wp-json\/wp\/v2\/mec-events"}],"about":[{"href":"https:\/\/freeimprobarcelona.com\/en\/wp-json\/wp\/v2\/types\/mec-events"}],"author":[{"embeddable":true,"href":"https:\/\/freeimprobarcelona.com\/en\/wp-json\/wp\/v2\/users\/2"}],"wp:featuredmedia":[{"embeddable":true,"href":"https:\/\/freeimprobarcelona.com\/en\/wp-json\/wp\/v2\/media\/3864"}],"wp:attachment":[{"href":"https:\/\/freeimprobarcelona.com\/en\/wp-json\/wp\/v2\/media?parent=3866"}],"wp:term":[{"taxonomy":"post_tag","embeddable":true,"href":"https:\/\/freeimprobarcelona.com\/en\/wp-json\/wp\/v2\/tags?post=3866"},{"taxonomy":"mec_category","embeddable":true,"href":"https:\/\/freeimprobarcelona.com\/en\/wp-json\/wp\/v2\/mec_category?post=3866"},{"taxonomy":"mec_speaker","embeddable":true,"href":"https:\/\/freeimprobarcelona.com\/en\/wp-json\/wp\/v2\/mec_speaker?post=3866"}],"curies":[{"name":"wp","href":"https:\/\/api.w.org\/{rel}","templated":true}]}}